{"id":2786,"date":"2016-06-13T10:25:58","date_gmt":"2016-06-13T10:25:58","guid":{"rendered":"http:\/\/nixe-demo1.rtthemes.com\/?page_id=2786"},"modified":"2024-09-11T07:08:40","modified_gmt":"2024-09-11T07:08:40","slug":"higueron-south-het-beste-nieuwbouw-project-costa-del-sol","status":"publish","type":"page","link":"https:\/\/santaclara-marbella.com\/cs\/","title":{"rendered":"Domov"},"content":{"rendered":"<section class=\"wpb-content-wrapper\"><div  class=\"content_row row vc_row wpb_row  default-style fullwidth\" >\n\t\n\t<div class=\"content_row_wrapper nopadding fullwidth\" >\n\t<div id=\"asdasd\" class=\"vc_col-sm-12 wpb_column vc_column_container nopadding\" >\n\t<div class=\"vc_column-inner\">\n\t\t<div class=\"wpb_wrapper\" >\n\t\t\t<div id=\"content-slider-224603\" class=\"rt-carousel main-carousel carousel-holder clearfix\" data-item-width=\"1\" data-mobile-height=\"350\" data-nav=\"true\" data-dots=\"\" data-parallax=\"true\" data-timeout=\"15000\" data-autoplay=\"true\">\n<div class=\"owl-carousel\">\n\n\t\t<div class=\"item has-bg-image  global-style\" style=\"min-height: 700px;\">\n\t\t\t<a href=\"\/cs\/vice-informaci\/\" target=\"_self\" title=\"\"><\/a>\n\t\t\t \n\t\t\t\t\t\t<div class=\"slide-content-wrapper fullwidth clearfix\" style=\"min-height: 700px;\">\n\t\t\t\t\t\t\t<div class=\"slide-content  left text-center\" style=\"width: 50%;background-color: #ffffff;\">\t\t\t\n\t\t\t\t\t\t\t\t<h2 class=\"slide_heading\" style=\"font-size:24px; line-height:32px\" data-mobile-value=\"28\" data-mobile-line-height=\"1.5\">Santa Clara Marbella<\/h2>\n\t\t\t\t\t\t\t\t<span class=\"slide_sub_heading secondary-font\"    data-mobile-value=\"22\" data-mobile-line-height=\"1\">Nad\u010dasov\u00fd design, kter\u00fd lad\u00ed s prost\u0159ed\u00edm<\/span>\n\t\t\t\t\t\t\t\t<div class=\"slide-text\"><p>Santa Clara ultramodern\u00ed nov\u011b vybudovan\u00fd komplex p\u0159\u00edmo na jednom z nejkr\u00e1sn\u011bj\u0161\u00edch golfov\u00fdch h\u0159i\u0161\u0165 na Costa del Sol. Panoramatick\u00fd v\u00fdhled na golf a mo\u0159e. V bl\u00edzkosti star\u00e9ho m\u011bsta Marbella a 1 km od nejkr\u00e1sn\u011bj\u0161\u00edch pl\u00e1\u017e\u00ed v Marbelle.<\/p>\n<\/div>\n\t\t\t\t\t\t\t\t\n\t\t\t\t\t\t\t\t\n\t\t\t\t\t\t\t<\/div>\n\t\t\t\t\t\t<\/div> \n\t\t\t\t\n\t\t\t<div class=\"slide-background\" style=\"background-image: url(https:\/\/santaclara-marbella.com\/wp-content\/uploads\/sites\/29\/2023\/06\/santaclara-marbella-view-pool-night.jpg);background-repeat: no-repeat;background-size: cover;background-position: center center;\"><\/div>\n\t\t<\/div><\/div>\n\n<\/div>\n<div id=\"content-slider-243126\" class=\"rt-carousel main-carousel carousel-holder clearfix\" data-item-width=\"1\" data-mobile-height=\"350\" data-nav=\"true\" data-dots=\"\" data-parallax=\"true\" data-timeout=\"15000\" data-autoplay=\"true\">\n<div class=\"owl-carousel\">\n<\/div>\n\n<\/div>\n\n\t\t<\/div>\n\t<\/div>\n\t<\/div>\n\n<\/div>\n<\/div>\n\n<div  class=\"content_row row cta-slider vc_row wpb_row  default-style fullwidth\" >\n\t\n\t<div class=\"content_row_wrapper  fullwidth\" style=\"padding-top:0px;padding-bottom:0px;\">\n\t<div id=\"asdasd\" class=\"vc_col-sm-6 vc_col-md-offset-9 vc_col-md-3 vc_col-sm-offset-6 vc_col-xs-12 wpb_column vc_column_container alt-style-1 has-custom-margin has-nmargin\" style=\"margin-top:-107px;\">\n\t<div class=\"vc_column-inner\" style=\"padding-top:20px;padding-bottom:20px;padding-left:20px;padding-right:20px;\">\n\t\t<div class=\"wpb_wrapper\" >\n\t\t\t<div class=\"button_wrapper align hero\"><a  href=\"\/cs\/vice-informaci\/\" target=\"_self\" title=\"Rezervovat\" class=\"button_  style-3 hero\">V\u00edce informac\u00ed<\/a><\/div>\n\t\t<\/div>\n\t<\/div>\n\t<\/div>\n\n<\/div>\n<\/div>\n\n<div id=\"highlights\" class=\"content_row row vc_row wpb_row  default-style fullwidth fixed_heights rt-flex-wrapper has-custom-margin border-top\" style=\"margin-top:40px;\">\n\t\n\t<div class=\"content_row_wrapper  fullwidth\" style=\"padding-top:20px;padding-bottom:20px;\"><div id=\"asdasd\" class=\"vc_col-sm-3 wpb_column vc_column_container border-right mobile-border-bottom custom_bg\" >\n\t<div class=\"vc_column-inner\" style=\"padding-top:30px;padding-bottom:30px;background-color: rgba(255,255,255,0.1);\">\n\t\t<div class=\"wpb_wrapper\" >\n\t\t\t<article  class=\"icon-content-box content-box icon-top icon-style-1\"><div class=\"icon-holder\"><span class=\"icon-line-globe\"><\/span><\/div><div class=\"text-holder\"><h3 class=\"heading\">Zah\u00e1jen\u00ed prodeje \u2013 F\u00e1ze I<\/h3> <p class=\"aligncenter\">Nach\u00e1z\u00ed se na prvn\u00ed linii Santa Clara Golf s v\u00fdhledem na 14 fairway. Celkem 104 dom\u016f se t\u0159emi a \u010dty\u0159mi lo\u017enicemi. Santa Clara Living se nach\u00e1z\u00ed ve v\u00fdchodn\u00ed \u010d\u00e1sti Marbelly, jen p\u00e1r kilometr\u016f od vjezdu do m\u011bsta. Fantastick\u00e9 golfov\u00e9 komplexy, prvot\u0159\u00eddn\u00ed vzd\u011bl\u00e1vac\u00ed a zdravotnick\u00e1 za\u0159\u00edzen\u00ed a bezpochyby nejlep\u0161\u00ed pl\u00e1\u017ee v Marbelle.<\/p>\n<p class=\"aligncenter\">Ceny od 1 100 000 \u20ac<\/p>\n<\/div><\/article>\n\t\t<\/div>\n\t<\/div>\n\t<\/div>\n\n\t<div id=\"asdasd\" class=\"vc_col-sm-3 wpb_column vc_column_container border-right mobile-border-bottom\" >\n\t<div class=\"vc_column-inner\" style=\"padding-top:30px;padding-bottom:30px;\">\n\t\t<div class=\"wpb_wrapper\" >\n\t\t\t<article  class=\"icon-content-box content-box icon-top icon-style-1\"><div class=\"icon-holder\"><span class=\"he icon-line-umbrella icon-new-heart-1\"><\/span><\/div><div class=\"text-holder\"><h3 class=\"heading\">Sou\u010dasn\u00fd design<\/h3> <p class=\"aligncenter\"><span style=\"font-weight: 400;\">Tento perfektn\u011b um\u00edst\u011bn\u00fd komplex byl navr\u017een tak, aby poskytoval pocit relaxace v otev\u0159en\u00e9m prostoru. Nemovitosti nab\u00edzej\u00ed v\u00fdb\u011br pohled\u016f; Dlouh\u00e9 letn\u00ed ve\u010dery si m\u016f\u017eete u\u017e\u00edt v p\u0159\u00edzemn\u00edch nemovitostech s velk\u00fdmi terasami a velkolep\u00fdmi zahradami nebo velkolep\u00fdch podkrovn\u00edch apartm\u00e1nech s \u00fachvatn\u00fdm panoramatick\u00fdm v\u00fdhledem na golfov\u00e9 h\u0159i\u0161t\u011b a okol\u00ed.<\/span><\/p>\n<\/div><\/article>\n\t\t<\/div>\n\t<\/div>\n\t<\/div>\n\n\t<div id=\"asdasd\" class=\"vc_col-sm-3 wpb_column vc_column_container border-right mobile-border-bottom custom_bg\" >\n\t<div class=\"vc_column-inner\" style=\"padding-top:30px;padding-bottom:30px;background-color: rgba(255,255,255,0.1);\">\n\t\t<div class=\"wpb_wrapper\" >\n\t\t\t<article  class=\"icon-content-box content-box icon-top icon-style-1\"><div class=\"icon-holder\"><span class=\"icon-golf\"><\/span><\/div><div class=\"text-holder\"><h3 class=\"heading\">Fantastick\u00e9 golfov\u00e9 komplexy<\/h3> <p class=\"aligncenter\"><span style=\"font-weight: 400;\">Fantastick\u00e9 golfov\u00e9 komplexy, prvot\u0159\u00eddn\u00ed vzd\u011bl\u00e1vac\u00ed a zdravotnick\u00e1 za\u0159\u00edzen\u00ed a bezpochyby nejlep\u0161\u00ed pl\u00e1\u017ee v Marbelle. Tato privilegovan\u00e1 poloha v\u00e1m umo\u017en\u00ed p\u0159\u00edstup k cel\u00e9 \u0159ad\u011b restaurac\u00ed, pl\u00e1\u017eov\u00fdch klub\u016f a rekrea\u010dn\u00edch center v okruhu 10 minut.<\/span><\/p>\n<\/div><\/article>\n\t\t<\/div>\n\t<\/div>\n\t<\/div>\n\n\t<div id=\"asdasd\" class=\"vc_col-sm-3 wpb_column vc_column_container mobile-border-bottom\" >\n\t<div class=\"vc_column-inner\" style=\"padding-top:30px;padding-bottom:30px;padding-left:30px;padding-right:30px;\">\n\t\t<div class=\"wpb_wrapper\" >\n\t\t\t<article  class=\"icon-content-box content-box icon-top icon-style-1\"><div class=\"icon-holder\"><span class=\"icon-star-empty-1\"><\/span><\/div><div class=\"text-holder\"><h3 class=\"heading\">Perfektn\u00ed spojen\u00ed<\/h3> <div class=\"Z26q7c UK95Uc VGXe8\" data-content-feature=\"1\">\n<div class=\"VwiC3b yXK7lf MUxGbd yDYNvb lyLwlc\">\n<p class=\"aligncenter\"><span style=\"font-weight: 400;\">Santa Clara Living m\u00e1 p\u0159\u00edm\u00fd p\u0159\u00edstup k d\u00e1lnic\u00edm (A-7 a AP-7), kter\u00e9 v\u00e1s zavedou do Marbelly a Puerto Ban\u00fas, na r\u016fzn\u00e1 golfov\u00e1 h\u0159i\u0161t\u011b a do ostatn\u00edch m\u011bst na pob\u0159e\u017e\u00ed Costa del Sol. Region\u00e1ln\u00ed leti\u0161t\u011b v M\u00e1laze a Gibraltaru poskytuj\u00ed rychl\u00e9 a snadn\u00e9 spojen\u00ed do destinac\u00ed po cel\u00e9m sv\u011bt\u011b<\/span><\/p>\n<\/div>\n<\/div>\n<\/div><\/article>\n\t\t<\/div>\n\t<\/div>\n\t<\/div>\n<\/div>\n<\/div>\n\n<div  class=\"content_row row quote-row vc_row wpb_row  default-style fullwidth has-custom-margin has-custom-margin\" style=\"margin-bottom:50px;background-color: #fcfcfc;\">\n\t\n\t<div class=\"content_row_wrapper  fullwidth\" >\n\t<div id=\"asdasd\" class=\"vc_col-sm-12 wpb_column vc_column_container vc_custom_1644925648982\" >\n\t<div class=\"vc_column-inner\">\n\t\t<div class=\"wpb_wrapper\" >\n\t\t\t<div class=\"rt_heading_wrapper style-3\">\n\t\t\t\t\t\t<h4 class=\"rt_heading serif style-3\" >Ultra modern\u00ed nov\u00fd komplex p\u0159\u00edmo na jednom z nejkr\u00e1sn\u011bj\u0161\u00edch golfov\u00fdch h\u0159i\u0161\u0165 na Costa del Sol<\/h4> \n\t\t\t\t\t<\/div>\n\t\t<\/div>\n\t<\/div>\n\t<\/div>\n\n<\/div>\n<\/div>\n\n<div  class=\"content_row row room-list vc_row wpb_row  default-style fullwidth\" >\n\t\n\t<div class=\"content_row_wrapper  fullwidth\" >\n\t<div id=\"asdasd\" class=\"vc_col-sm-12 wpb_column vc_column_container\" >\n\t<div class=\"vc_column-inner\">\n\t\t<div class=\"wpb_wrapper\" >\n\t\t\t\n\t<div class=\"wpb_text_column wpb_content_element  vc_custom_1648208307727\" >\n\t\t<div class=\"wpb_wrapper\">\n\t\t\t<div class=\"rt-gallery clearfix grid4fotos fixed_heights animated-layout\">\n\t<div class=\"row clearfix\">\n\t\t\n\n\t\t<div class=\"col col-sm-3 col-xs-12 col-fotos\">\n\t\t\t<!-- room info -->\n\n\t\t\t<div class=\"room-info has-bg-image gallery-item-holder\"\n\t\t\t\t data-thumbnail=\"https:\/\/santaclara-marbella.com\/wp-content\/uploads\/sites\/29\/2022\/10\/santa-clara-marbella-terraces.jpg\"\n\t\t\t\t data-min-height=\"350\" style=\"min-height: 350px;\">\n\n\t\t\t\t<div class=\"room-info-wrapper\" style=\"top: calc(50% - 175px);\">\n\n\t\t\t\t\t<!-- title-->\n\t\t\t\t\t<h5 class=\"room-title\"><a href=\"https:\/\/santaclara-marbella.com\/wp-content\/uploads\/sites\/29\/2022\/10\/santa-clara-marbella-terraces.jpg\" title=\"Santa Clara Marbella\" rel=\"bookmark\">Santa Clara Marbella<\/a><\/h5>\n\n\t\t\t\t\t<!-- text-->\n\t\t\t\t\t<p><a id=\"\" class=\"imgeffect zoom rt_lightbox\" data-gal-id=\"\" data-rel=\"rt_lightbox\"\n\t\t\t\t\t\t  title=\"Zv\u011bt\u0161it obr\u00e1zek\" data-title=\"Santa Clara Marbella\" data-sub-html=\"\" data-src=\"\" data-width=\"\"\n\t\t\t\t\t\t  data-height=\"\" data-poster=\"\" data-autoplay=\"\" data-audiotitle=\"\" data-download-url=\"false\"\n\t\t\t\t\t\t  href=\"https:\/\/santaclara-marbella.com\/wp-content\/uploads\/sites\/29\/2022\/10\/santa-clara-marbella-terraces.jpg\">Zobrazit fotografii<\/a><\/p>\n\t\t\t\t\t<!-- key features -->\n\n\n\t\t\t\t\t<!-- button -->\n\t\t\t\t\t<a class=\"button_ style-2 small margin-t30\"\n\t\t\t\t\t   href=\"https:\/\/santaclara-marbella.com\/wp-content\/uploads\/sites\/29\/2022\/10\/santa-clara-marbella-terraces.jpg\" title=\"Santa Clara Marbella\"><span class=\"icon-angle-right\"><\/span>v\u00edce informac\u00ed<\/a>\n\n\n\t\t\t\t<\/div>\n\t\t\t\t<!--\/ end .room-info-wrapper -->\n\n\n\t\t\t\t<!-- single title-->\n\t\t\t\t<div class=\"room-single-title\">Santa Clara Marbella<\/div>\n\n\t\t\t\t<!-- overlay background -->\n\t\t\t\t<div class=\"room-bg-ovelay\"\n\t\t\t\t\t style=\"background-image: url(&quot;https:\/\/santaclara-marbella.com\/wp-content\/uploads\/sites\/29\/2022\/10\/santa-clara-marbella-terraces.jpg&quot;);\">\n\t\t\t\t<\/div>\n\n\t\t\t<\/div>\n\t\t\t<!--\/ end .room-info -->\n\t\t<\/div>\n\n\t\t\n\n\t\t<div class=\"col col-sm-3 col-xs-12 col-fotos\">\n\t\t\t<!-- room info -->\n\n\t\t\t<div class=\"room-info has-bg-image gallery-item-holder\"\n\t\t\t\t data-thumbnail=\"https:\/\/santaclara-marbella.com\/wp-content\/uploads\/sites\/29\/2022\/04\/santa-clara-marbella-resort.jpg\"\n\t\t\t\t data-min-height=\"350\" style=\"min-height: 350px;\">\n\n\t\t\t\t<div class=\"room-info-wrapper\" style=\"top: calc(50% - 175px);\">\n\n\t\t\t\t\t<!-- title-->\n\t\t\t\t\t<h5 class=\"room-title\"><a href=\"https:\/\/santaclara-marbella.com\/wp-content\/uploads\/sites\/29\/2022\/04\/santa-clara-marbella-resort.jpg\" title=\"Santa Clara Marbella\" rel=\"bookmark\">Santa Clara Marbella<\/a><\/h5>\n\n\t\t\t\t\t<!-- text-->\n\t\t\t\t\t<p><a id=\"\" class=\"imgeffect zoom rt_lightbox\" data-gal-id=\"\" data-rel=\"rt_lightbox\"\n\t\t\t\t\t\t  title=\"Zv\u011bt\u0161it obr\u00e1zek\" data-title=\"Santa Clara Marbella\" data-sub-html=\"\" data-src=\"\" data-width=\"\"\n\t\t\t\t\t\t  data-height=\"\" data-poster=\"\" data-autoplay=\"\" data-audiotitle=\"\" data-download-url=\"false\"\n\t\t\t\t\t\t  href=\"https:\/\/santaclara-marbella.com\/wp-content\/uploads\/sites\/29\/2022\/04\/santa-clara-marbella-resort.jpg\">Zobrazit fotografii<\/a><\/p>\n\t\t\t\t\t<!-- key features -->\n\n\n\t\t\t\t\t<!-- button -->\n\t\t\t\t\t<a class=\"button_ style-2 small margin-t30\"\n\t\t\t\t\t   href=\"https:\/\/santaclara-marbella.com\/wp-content\/uploads\/sites\/29\/2022\/04\/santa-clara-marbella-resort.jpg\" title=\"Santa Clara Marbella\"><span class=\"icon-angle-right\"><\/span>v\u00edce informac\u00ed<\/a>\n\n\n\t\t\t\t<\/div>\n\t\t\t\t<!--\/ end .room-info-wrapper -->\n\n\n\t\t\t\t<!-- single title-->\n\t\t\t\t<div class=\"room-single-title\">Santa Clara Marbella<\/div>\n\n\t\t\t\t<!-- overlay background -->\n\t\t\t\t<div class=\"room-bg-ovelay\"\n\t\t\t\t\t style=\"background-image: url(&quot;https:\/\/santaclara-marbella.com\/wp-content\/uploads\/sites\/29\/2022\/04\/santa-clara-marbella-resort.jpg&quot;);\">\n\t\t\t\t<\/div>\n\n\t\t\t<\/div>\n\t\t\t<!--\/ end .room-info -->\n\t\t<\/div>\n\n\t\t\n\n\t\t<div class=\"col col-sm-3 col-xs-12 col-fotos\">\n\t\t\t<!-- room info -->\n\n\t\t\t<div class=\"room-info has-bg-image gallery-item-holder\"\n\t\t\t\t data-thumbnail=\"https:\/\/santaclara-marbella.com\/wp-content\/uploads\/sites\/29\/2022\/10\/santa-clara-marbella-terraces-1.jpg\"\n\t\t\t\t data-min-height=\"350\" style=\"min-height: 350px;\">\n\n\t\t\t\t<div class=\"room-info-wrapper\" style=\"top: calc(50% - 175px);\">\n\n\t\t\t\t\t<!-- title-->\n\t\t\t\t\t<h5 class=\"room-title\"><a href=\"https:\/\/santaclara-marbella.com\/wp-content\/uploads\/sites\/29\/2022\/10\/santa-clara-marbella-terraces-1.jpg\" title=\"Santa Clara Marbella\" rel=\"bookmark\">Santa Clara Marbella<\/a><\/h5>\n\n\t\t\t\t\t<!-- text-->\n\t\t\t\t\t<p><a id=\"\" class=\"imgeffect zoom rt_lightbox\" data-gal-id=\"\" data-rel=\"rt_lightbox\"\n\t\t\t\t\t\t  title=\"Zv\u011bt\u0161it obr\u00e1zek\" data-title=\"Santa Clara Marbella\" data-sub-html=\"\" data-src=\"\" data-width=\"\"\n\t\t\t\t\t\t  data-height=\"\" data-poster=\"\" data-autoplay=\"\" data-audiotitle=\"\" data-download-url=\"false\"\n\t\t\t\t\t\t  href=\"https:\/\/santaclara-marbella.com\/wp-content\/uploads\/sites\/29\/2022\/10\/santa-clara-marbella-terraces-1.jpg\">Zobrazit fotografii<\/a><\/p>\n\t\t\t\t\t<!-- key features -->\n\n\n\t\t\t\t\t<!-- button -->\n\t\t\t\t\t<a class=\"button_ style-2 small margin-t30\"\n\t\t\t\t\t   href=\"https:\/\/santaclara-marbella.com\/wp-content\/uploads\/sites\/29\/2022\/10\/santa-clara-marbella-terraces-1.jpg\" title=\"Santa Clara Marbella\"><span class=\"icon-angle-right\"><\/span>v\u00edce informac\u00ed<\/a>\n\n\n\t\t\t\t<\/div>\n\t\t\t\t<!--\/ end .room-info-wrapper -->\n\n\n\t\t\t\t<!-- single title-->\n\t\t\t\t<div class=\"room-single-title\">Santa Clara Marbella<\/div>\n\n\t\t\t\t<!-- overlay background -->\n\t\t\t\t<div class=\"room-bg-ovelay\"\n\t\t\t\t\t style=\"background-image: url(&quot;https:\/\/santaclara-marbella.com\/wp-content\/uploads\/sites\/29\/2022\/10\/santa-clara-marbella-terraces-1.jpg&quot;);\">\n\t\t\t\t<\/div>\n\n\t\t\t<\/div>\n\t\t\t<!--\/ end .room-info -->\n\t\t<\/div>\n\n\t\t\n\n\t\t<div class=\"col col-sm-3 col-xs-12 col-fotos\">\n\t\t\t<!-- room info -->\n\n\t\t\t<div class=\"room-info has-bg-image gallery-item-holder\"\n\t\t\t\t data-thumbnail=\"https:\/\/santaclara-marbella.com\/wp-content\/uploads\/sites\/29\/2022\/03\/santa-clara-marbella-view4.jpg\"\n\t\t\t\t data-min-height=\"350\" style=\"min-height: 350px;\">\n\n\t\t\t\t<div class=\"room-info-wrapper\" style=\"top: calc(50% - 175px);\">\n\n\t\t\t\t\t<!-- title-->\n\t\t\t\t\t<h5 class=\"room-title\"><a href=\"https:\/\/santaclara-marbella.com\/wp-content\/uploads\/sites\/29\/2022\/03\/santa-clara-marbella-view4.jpg\" title=\"Santa Clara Marbella\" rel=\"bookmark\">Santa Clara Marbella<\/a><\/h5>\n\n\t\t\t\t\t<!-- text-->\n\t\t\t\t\t<p><a id=\"\" class=\"imgeffect zoom rt_lightbox\" data-gal-id=\"\" data-rel=\"rt_lightbox\"\n\t\t\t\t\t\t  title=\"Zv\u011bt\u0161it obr\u00e1zek\" data-title=\"Santa Clara Marbella\" data-sub-html=\"\" data-src=\"\" data-width=\"\"\n\t\t\t\t\t\t  data-height=\"\" data-poster=\"\" data-autoplay=\"\" data-audiotitle=\"\" data-download-url=\"false\"\n\t\t\t\t\t\t  href=\"https:\/\/santaclara-marbella.com\/wp-content\/uploads\/sites\/29\/2022\/03\/santa-clara-marbella-view4.jpg\">Zobrazit fotografii<\/a><\/p>\n\t\t\t\t\t<!-- key features -->\n\n\n\t\t\t\t\t<!-- button -->\n\t\t\t\t\t<a class=\"button_ style-2 small margin-t30\"\n\t\t\t\t\t   href=\"https:\/\/santaclara-marbella.com\/wp-content\/uploads\/sites\/29\/2022\/03\/santa-clara-marbella-view4.jpg\" title=\"Santa Clara Marbella\"><span class=\"icon-angle-right\"><\/span>v\u00edce informac\u00ed<\/a>\n\n\n\t\t\t\t<\/div>\n\t\t\t\t<!--\/ end .room-info-wrapper -->\n\n\n\t\t\t\t<!-- single title-->\n\t\t\t\t<div class=\"room-single-title\">Santa Clara Marbella<\/div>\n\n\t\t\t\t<!-- overlay background -->\n\t\t\t\t<div class=\"room-bg-ovelay\"\n\t\t\t\t\t style=\"background-image: url(&quot;https:\/\/santaclara-marbella.com\/wp-content\/uploads\/sites\/29\/2022\/03\/santa-clara-marbella-view4.jpg&quot;);\">\n\t\t\t\t<\/div>\n\n\t\t\t<\/div>\n\t\t\t<!--\/ end .room-info -->\n\t\t<\/div>\n\n\t\t\n\n\t\t<div class=\"col col-sm-3 col-xs-12 col-fotos\">\n\t\t\t<!-- room info -->\n\n\t\t\t<div class=\"room-info has-bg-image gallery-item-holder\"\n\t\t\t\t data-thumbnail=\"https:\/\/santaclara-marbella.com\/wp-content\/uploads\/sites\/29\/2022\/03\/santa-clara-marbella-view6.jpg\"\n\t\t\t\t data-min-height=\"350\" style=\"min-height: 350px;\">\n\n\t\t\t\t<div class=\"room-info-wrapper\" style=\"top: calc(50% - 175px);\">\n\n\t\t\t\t\t<!-- title-->\n\t\t\t\t\t<h5 class=\"room-title\"><a href=\"https:\/\/santaclara-marbella.com\/wp-content\/uploads\/sites\/29\/2022\/03\/santa-clara-marbella-view6.jpg\" title=\"Santa Clara Marbella\" rel=\"bookmark\">Santa Clara Marbella<\/a><\/h5>\n\n\t\t\t\t\t<!-- text-->\n\t\t\t\t\t<p><a id=\"\" class=\"imgeffect zoom rt_lightbox\" data-gal-id=\"\" data-rel=\"rt_lightbox\"\n\t\t\t\t\t\t  title=\"Zv\u011bt\u0161it obr\u00e1zek\" data-title=\"Santa Clara Marbella\" data-sub-html=\"\" data-src=\"\" data-width=\"\"\n\t\t\t\t\t\t  data-height=\"\" data-poster=\"\" data-autoplay=\"\" data-audiotitle=\"\" data-download-url=\"false\"\n\t\t\t\t\t\t  href=\"https:\/\/santaclara-marbella.com\/wp-content\/uploads\/sites\/29\/2022\/03\/santa-clara-marbella-view6.jpg\">Zobrazit fotografii<\/a><\/p>\n\t\t\t\t\t<!-- key features -->\n\n\n\t\t\t\t\t<!-- button -->\n\t\t\t\t\t<a class=\"button_ style-2 small margin-t30\"\n\t\t\t\t\t   href=\"https:\/\/santaclara-marbella.com\/wp-content\/uploads\/sites\/29\/2022\/03\/santa-clara-marbella-view6.jpg\" title=\"Santa Clara Marbella\"><span class=\"icon-angle-right\"><\/span>v\u00edce informac\u00ed<\/a>\n\n\n\t\t\t\t<\/div>\n\t\t\t\t<!--\/ end .room-info-wrapper -->\n\n\n\t\t\t\t<!-- single title-->\n\t\t\t\t<div class=\"room-single-title\">Santa Clara Marbella<\/div>\n\n\t\t\t\t<!-- overlay background -->\n\t\t\t\t<div class=\"room-bg-ovelay\"\n\t\t\t\t\t style=\"background-image: url(&quot;https:\/\/santaclara-marbella.com\/wp-content\/uploads\/sites\/29\/2022\/03\/santa-clara-marbella-view6.jpg&quot;);\">\n\t\t\t\t<\/div>\n\n\t\t\t<\/div>\n\t\t\t<!--\/ end .room-info -->\n\t\t<\/div>\n\n\t\t\n\n\t\t<div class=\"col col-sm-3 col-xs-12 col-fotos\">\n\t\t\t<!-- room info -->\n\n\t\t\t<div class=\"room-info has-bg-image gallery-item-holder\"\n\t\t\t\t data-thumbnail=\"https:\/\/santaclara-marbella.com\/wp-content\/uploads\/sites\/29\/2022\/05\/santaclara-marbella-view-evening.jpg\"\n\t\t\t\t data-min-height=\"350\" style=\"min-height: 350px;\">\n\n\t\t\t\t<div class=\"room-info-wrapper\" style=\"top: calc(50% - 175px);\">\n\n\t\t\t\t\t<!-- title-->\n\t\t\t\t\t<h5 class=\"room-title\"><a href=\"https:\/\/santaclara-marbella.com\/wp-content\/uploads\/sites\/29\/2022\/05\/santaclara-marbella-view-evening.jpg\" title=\"Santa Clara Marbella\" rel=\"bookmark\">Santa Clara Marbella<\/a><\/h5>\n\n\t\t\t\t\t<!-- text-->\n\t\t\t\t\t<p><a id=\"\" class=\"imgeffect zoom rt_lightbox\" data-gal-id=\"\" data-rel=\"rt_lightbox\"\n\t\t\t\t\t\t  title=\"Zv\u011bt\u0161it obr\u00e1zek\" data-title=\"Santa Clara Marbella\" data-sub-html=\"\" data-src=\"\" data-width=\"\"\n\t\t\t\t\t\t  data-height=\"\" data-poster=\"\" data-autoplay=\"\" data-audiotitle=\"\" data-download-url=\"false\"\n\t\t\t\t\t\t  href=\"https:\/\/santaclara-marbella.com\/wp-content\/uploads\/sites\/29\/2022\/05\/santaclara-marbella-view-evening.jpg\">Zobrazit fotografii<\/a><\/p>\n\t\t\t\t\t<!-- key features -->\n\n\n\t\t\t\t\t<!-- button -->\n\t\t\t\t\t<a class=\"button_ style-2 small margin-t30\"\n\t\t\t\t\t   href=\"https:\/\/santaclara-marbella.com\/wp-content\/uploads\/sites\/29\/2022\/05\/santaclara-marbella-view-evening.jpg\" title=\"Santa Clara Marbella\"><span class=\"icon-angle-right\"><\/span>v\u00edce informac\u00ed<\/a>\n\n\n\t\t\t\t<\/div>\n\t\t\t\t<!--\/ end .room-info-wrapper -->\n\n\n\t\t\t\t<!-- single title-->\n\t\t\t\t<div class=\"room-single-title\">Santa Clara Marbella<\/div>\n\n\t\t\t\t<!-- overlay background -->\n\t\t\t\t<div class=\"room-bg-ovelay\"\n\t\t\t\t\t style=\"background-image: url(&quot;https:\/\/santaclara-marbella.com\/wp-content\/uploads\/sites\/29\/2022\/05\/santaclara-marbella-view-evening.jpg&quot;);\">\n\t\t\t\t<\/div>\n\n\t\t\t<\/div>\n\t\t\t<!--\/ end .room-info -->\n\t\t<\/div>\n\n\t\t\t<\/div>\n<\/div>\n\n\n\t\t<\/div>\n\t<\/div>\n<div class=\"vc_empty_space\"   style=\"height: 36px\"><span class=\"vc_empty_space_inner\"><\/span><\/div><div class=\"button_wrapper aligncenter\"><a  href=\"\/cs\/fotografie-2\/\" target=\"_self\" title=\"&gt; v\u00edce fotek\" class=\"button_  style-2 small\">&gt; v\u00edce fotek<\/a><\/div>\n\t\t<\/div>\n\t<\/div>\n\t<\/div>\n\n<\/div>\n<\/div>\n\n<div  class=\"content_row row news-events vc_row wpb_row  default-style fullwidth fixed_heights rt-flex-wrapper rt-flex-wrapper border-top\" >\n\t\n\t<div class=\"content_row_wrapper align-contents content-align-middle fullwidth\" style=\"padding-top:40px;padding-bottom:40px;\">\n\t<div id=\"asdasd\" class=\"vc_col-sm-12 wpb_column vc_column_container\" >\n\t<div class=\"vc_column-inner\" style=\"padding-top:50px;\">\n\t\t<div class=\"wpb_wrapper\" >\n\t\t\t<div class=\"rt_heading_wrapper style-4\">\n\t\t\t\t\t\t<h3 class=\"rt_heading  style-4\" >Modern\u00ed a inovativn\u00ed architektonicky navr\u017een\u00e9 domy<\/h3> \n\t\t\t\t\t<\/div>\n\t<div class=\"wpb_text_column wpb_content_element\" >\n\t\t<div class=\"wpb_wrapper\">\n\t\t\t<p style=\"text-align: center;\">kter\u00e9 nab\u00edzej\u00ed harmonick\u00fd pocit se sv\u011btl\u00fdmi prostory a velk\u00fdmi okny, kter\u00fdmi si m\u016f\u017eete u\u017e\u00edvat v\u00fdhled na mo\u0159e.<\/p>\n\n\t\t<\/div>\n\t<\/div>\n<div class=\"vc_empty_space\"   style=\"height: 40px\"><span class=\"vc_empty_space_inner\"><\/span><\/div>\n<div id=\"blog-dynamicID-426455\" class=\"blog_list clearfix fixed_heights\" data-column-width=\"4\">\n<div class=\"row clearfix\">\n<article id=\"2881\" class=\"col col-sm-3 post-2881 post type-post status-publish format-gallery has-post-thumbnail hentry category-events category-news post_format-post-format-gallery\">\n \n\n<!-- blog box-->\n\t\n\t\t<figure class=\"featured_image featured_media\">\n\t\t<a id=\"featured-image-2881\" class=\"imgeffect zoom rt_lightbox featured_image\" data-gal-id=\"image_4349\" data-rel=\"rt_lightbox\" title=\"Zv\u011bt\u0161it obr\u00e1zek\" data-title=\"La Cala Golf\" data-sub-html=\"\" data-src=\"\" data-width=\"\" data-height=\"\" data-poster=\"\" data-autoplay=\"\" data-audiotitle=\"\" data-download-url=\"false\" href=\"https:\/\/santaclara-marbella.com\/wp-content\/uploads\/sites\/29\/2016\/06\/lacalagolf.jpg\"><img decoding=\"async\" src=\"https:\/\/santaclara-marbella.com\/wp-content\/uploads\/sites\/29\/2016\/06\/lacalagolf.jpg\" alt=\"\" class=\"\" \/><\/a>\t<\/figure> \n\t\n\t \n\n\t\n\t<div class=\"entry-content text no-post-sidebar\">\n\n\t\t<!-- blog headline-->\n\t\t<h6 class=\"entry-title\"><a href=\"https:\/\/santaclara-marbella.com\/cs\/rybarske-kurzy-zacinajici-v-cervenci\/\" rel=\"bookmark\">Golf La Cala<\/a><\/h6> \n\t\t\t\t\n\t\t\n\t\t<p>T\u0159i fantastick\u00e1 mistrovsk\u00e1 h\u0159i\u0161t\u011b, z nich\u017e ka\u017ed\u00e9 m\u00e1 sv\u00e9 vlastn\u00ed jedine\u010dn\u00e9 v\u00fdzvy, hladce zapadaj\u00ed do p\u0159irozen\u00e9 zvln\u011bn\u00e9 kulisy \u00fa\u017easn\u011b kr\u00e1sn\u00fdch strom\u016f a kv\u011btin, bohat\u00fdch na pt\u00e1ky a divokou zv\u011b\u0159\u2026 <a class=\"more-link\" href=\"https:\/\/santaclara-marbella.com\/cs\/rybarske-kurzy-zacinajici-v-cervenci\/\">pokra\u010dovat ve \u010dten\u00ed<\/a><\/p>\n\n\t<\/div> \n<!-- \/ blog box--><\/article>\n<article id=\"4271\" class=\"col col-sm-3 post-4271 post type-post status-publish format-standard has-post-thumbnail hentry category-uncategorized\">\n \n\n<!-- blog box-->\n\n\t\t<figure class=\"featured_image featured_media\">\n\t\t<a id=\"lightbox-411086\" class=\"imgeffect zoom rt_lightbox featured_image\" data-gal-id=\"image_4351\" data-rel=\"rt_lightbox\" title=\"Zv\u011bt\u0161it obr\u00e1zek\" data-title=\"Mijas Costa\" data-sub-html=\"\" data-src=\"\" data-width=\"\" data-height=\"\" data-poster=\"\" data-autoplay=\"\" data-audiotitle=\"\" data-download-url=\"false\" href=\"https:\/\/santaclara-marbella.com\/wp-content\/uploads\/sites\/29\/2016\/06\/beach-1.jpg\"><img decoding=\"async\" src=\"https:\/\/santaclara-marbella.com\/wp-content\/uploads\/sites\/29\/2016\/06\/beach-1.jpg\" alt=\"\" class=\"\" \/><\/a>\t\t\n\t<\/figure> \n\t\n\n\t\n\t<div class=\"entry-content text no-post-sidebar\">\n\n\t\t<!-- blog headline-->\n\t\t<h6 class=\"entry-title\"><a href=\"https:\/\/santaclara-marbella.com\/cs\/sendero-las-presas\/\" rel=\"bookmark\">Mijas Costa<\/a><\/h6> \n\t\t\t\t\n\t\t\n\t\t<p>Pl\u00e1\u017ee, relaxace, obchody a vynikaj\u00edc\u00ed sma\u017een\u00e9 ryby: Mijas Costa je ide\u00e1ln\u00ed ryb\u00e1\u0159sk\u00e1 vesnice, kde si m\u016f\u017eete u\u017e\u00edt dovolenou sn\u016f na pob\u0159e\u017e\u00ed. Mijas Costa m\u00e1 v\u00edce ne\u017e 11 kilometr\u016f pob\u0159e\u017e\u00ed s nedot\u010den\u00fdmi pl\u00e1\u017eemi, kter\u00e9 byste si nem\u011bli nechat uj\u00edt\u2026 <a class=\"more-link\" href=\"https:\/\/santaclara-marbella.com\/cs\/sendero-las-presas\/\">pokra\u010dovat ve \u010dten\u00ed<\/a><\/p>\n\t<\/div> \n\n<!-- \/ blog box-->\n<\/article>\n<article id=\"2876\" class=\"col col-sm-3 post-2876 post type-post status-publish format-gallery has-post-thumbnail hentry category-news post_format-post-format-gallery\">\n \n\n<!-- blog box-->\n\t\n\t\t<figure class=\"featured_image featured_media\">\n\t\t<a id=\"featured-image-2876\" class=\"imgeffect zoom rt_lightbox featured_image\" data-gal-id=\"image_4319\" data-rel=\"rt_lightbox\" title=\"Zv\u011bt\u0161it obr\u00e1zek\" data-title=\"Chiringuito\" data-sub-html=\"\" data-src=\"\" data-width=\"\" data-height=\"\" data-poster=\"\" data-autoplay=\"\" data-audiotitle=\"\" data-download-url=\"false\" href=\"https:\/\/santaclara-marbella.com\/wp-content\/uploads\/sites\/29\/2016\/06\/seafood-1.jpg\"><img decoding=\"async\" src=\"https:\/\/santaclara-marbella.com\/wp-content\/uploads\/sites\/29\/2016\/06\/seafood-1.jpg\" alt=\"\" class=\"\" \/><\/a>\t<\/figure> \n\t\n\t \n\n\t\n\t<div class=\"entry-content text no-post-sidebar\">\n\n\t\t<!-- blog headline-->\n\t\t<h6 class=\"entry-title\"><a href=\"https:\/\/santaclara-marbella.com\/cs\/fusce-mattis-lacus-blandit-convallis\/\" rel=\"bookmark\">Chiringuito<\/a><\/h6> \n\t\t\t\t\n\t\t\n\t\t<p>Pl\u00e1\u017ee se hem\u017e\u00ed skute\u010dn\u00fdmi chiringuitos. J\u00edst na pl\u00e1\u017ei. Specializuje se na ryby a kor\u00fd\u0161e. V\u0161e denn\u011b \u010derstv\u00e9\u2026 <a class=\"more-link\" href=\"https:\/\/santaclara-marbella.com\/cs\/fusce-mattis-lacus-blandit-convallis\/\">pokra\u010dovat ve \u010dten\u00ed<\/a><\/p>\n\n\t<\/div> \n<!-- \/ blog box--><\/article>\n<article id=\"2877\" class=\"col col-sm-3 post-2877 post type-post status-publish format-standard has-post-thumbnail hentry category-articles\">\n \n\n<!-- blog box-->\n\n\t\t<figure class=\"featured_image featured_media\">\n\t\t<a id=\"lightbox-907323\" class=\"imgeffect zoom rt_lightbox featured_image\" data-gal-id=\"image_4356\" data-rel=\"rt_lightbox\" title=\"Zv\u011bt\u0161it obr\u00e1zek\" data-title=\"Mijas Pueblo\" data-sub-html=\"\" data-src=\"\" data-width=\"\" data-height=\"\" data-poster=\"\" data-autoplay=\"\" data-audiotitle=\"\" data-download-url=\"false\" href=\"https:\/\/santaclara-marbella.com\/wp-content\/uploads\/sites\/29\/2016\/06\/mijas-1.jpg\"><img decoding=\"async\" src=\"https:\/\/santaclara-marbella.com\/wp-content\/uploads\/sites\/29\/2016\/06\/mijas-1.jpg\" alt=\"\" class=\"\" \/><\/a>\t\t\n\t<\/figure> \n\t\n\n\t\n\t<div class=\"entry-content text no-post-sidebar\">\n\n\t\t<!-- blog headline-->\n\t\t<h6 class=\"entry-title\"><a href=\"https:\/\/santaclara-marbella.com\/cs\/dulezitost-planovani-vyletu\/\" rel=\"bookmark\">Mijas Pueblo<\/a><\/h6> \n\t\t\t\t\n\t\t\n\t\t<p>Mijas je srdcem regionu Costa del Sol a skl\u00e1d\u00e1 se ze t\u0159\u00ed m\u011bstsk\u00fdch center: Mijas Pueblo, Mijas Costa s Las Lagunas a La Cala s Calahondas. Mijas Pueblo se nach\u00e1z\u00ed na svaz\u00edch poho\u0159\u00ed Sierra de Mijas, vesnice se nach\u00e1z\u00ed v nadmo\u0159sk\u00e9 v\u00fd\u0161ce 430 metr\u016f a je jedn\u00edm z\u2026 <a class=\"more-link\" href=\"https:\/\/santaclara-marbella.com\/cs\/dulezitost-planovani-vyletu\/\">pokra\u010dovat ve \u010dten\u00ed<\/a><\/p>\n\t<\/div> \n\n<!-- \/ blog box-->\n<\/article>\n<\/div>\n<\/div>\n\n\t\t<\/div>\n\t<\/div>\n\t<\/div>\n\n<\/div>\n<\/div>\n<\/section>","protected":false},"excerpt":{"rendered":"<p>\u2026 <a class=\"more-link\" href=\"https:\/\/santaclara-marbella.com\/cs\/dulezitost-planovani-vyletu\/\">pokra\u010dovat ve \u010dten\u00ed<\/a><\/p>","protected":false},"author":1,"featured_media":0,"parent":0,"menu_order":4,"comment_status":"closed","ping_status":"closed","template":"","meta":{"footnotes":""},"class_list":["post-2786","page","type-page","status-publish","hentry"],"yoast_head":"<!-- This site is optimized with the Yoast SEO plugin v26.0 - https:\/\/yoast.com\/wordpress\/plugins\/seo\/ -->\n<title>Home - Santa Clara Marbella<\/title>\n<meta name=\"description\" content=\"Nieuwbouw van ongekende luxe en in een onge\u00ebvenaarde bouwkwaliteit. Unieke 2 &amp; 3 slaapkamer appartementen &amp; penthouses - vanaf \u20ac 445.000.\" \/>\n<meta name=\"robots\" content=\"index, follow, max-snippet:-1, max-image-preview:large, max-video-preview:-1\" \/>\n<link rel=\"canonical\" href=\"https:\/\/santaclara-marbella.com\/cs\/\" \/>\n<meta property=\"og:locale\" content=\"cs_CZ\" \/>\n<meta property=\"og:type\" content=\"article\" \/>\n<meta property=\"og:title\" content=\"Home - Santa Clara Marbella\" \/>\n<meta property=\"og:description\" content=\"Nieuwbouw van ongekende luxe en in een onge\u00ebvenaarde bouwkwaliteit. Unieke 2 &amp; 3 slaapkamer appartementen &amp; penthouses - vanaf \u20ac 445.000.\" \/>\n<meta property=\"og:url\" content=\"https:\/\/santaclara-marbella.com\/cs\/\" \/>\n<meta property=\"og:site_name\" content=\"Santa Clara Marbella\" \/>\n<meta property=\"article:modified_time\" content=\"2024-09-11T07:08:40+00:00\" \/>\n<meta name=\"twitter:card\" content=\"summary_large_image\" \/>\n<meta name=\"twitter:label1\" content=\"Odhadovan\u00e1 doba \u010dten\u00ed\" \/>\n\t<meta name=\"twitter:data1\" content=\"4 minuty\" \/>\n<script type=\"application\/ld+json\" class=\"yoast-schema-graph\">{\"@context\":\"https:\/\/schema.org\",\"@graph\":[{\"@type\":\"WebPage\",\"@id\":\"https:\/\/santaclara-marbella.com\/\",\"url\":\"https:\/\/santaclara-marbella.com\/\",\"name\":\"Home - Santa Clara Marbella\",\"isPartOf\":{\"@id\":\"https:\/\/santaclara-marbella.com\/#website\"},\"datePublished\":\"2016-06-13T10:25:58+00:00\",\"dateModified\":\"2024-09-11T07:08:40+00:00\",\"description\":\"Nieuwbouw van ongekende luxe en in een onge\u00ebvenaarde bouwkwaliteit. Unieke 2 & 3 slaapkamer appartementen & penthouses - vanaf \u20ac 445.000.\",\"breadcrumb\":{\"@id\":\"https:\/\/santaclara-marbella.com\/#breadcrumb\"},\"inLanguage\":\"cs\",\"potentialAction\":[{\"@type\":\"ReadAction\",\"target\":[\"https:\/\/santaclara-marbella.com\/\"]}]},{\"@type\":\"BreadcrumbList\",\"@id\":\"https:\/\/santaclara-marbella.com\/#breadcrumb\",\"itemListElement\":[{\"@type\":\"ListItem\",\"position\":1,\"name\":\"Home\",\"item\":\"https:\/\/santaclara-marbella.com\/\"},{\"@type\":\"ListItem\",\"position\":2,\"name\":\"Home\"}]},{\"@type\":\"WebSite\",\"@id\":\"https:\/\/santaclara-marbella.com\/#website\",\"url\":\"https:\/\/santaclara-marbella.com\/\",\"name\":\"Santa Clara Marbella\",\"description\":\"\",\"potentialAction\":[{\"@type\":\"SearchAction\",\"target\":{\"@type\":\"EntryPoint\",\"urlTemplate\":\"https:\/\/santaclara-marbella.com\/?s={search_term_string}\"},\"query-input\":{\"@type\":\"PropertyValueSpecification\",\"valueRequired\":true,\"valueName\":\"search_term_string\"}}],\"inLanguage\":\"cs\"}]}<\/script>\n<!-- \/ Yoast SEO plugin. -->","yoast_head_json":{"title":"Domov - Santa Clara Marbella","description":"Nov\u00e1 konstrukce neb\u00fdval\u00e9ho luxusu a v bezkonkuren\u010dn\u00ed kvalit\u011b proveden\u00ed. Jedine\u010dn\u00e9 2 a 3 lo\u017enicov\u00e9 apartm\u00e1ny a penthousy - od 445 000 \u20ac.","robots":{"index":"index","follow":"follow","max-snippet":"max-snippet:-1","max-image-preview":"max-image-preview:large","max-video-preview":"max-video-preview:-1"},"canonical":"https:\/\/santaclara-marbella.com\/cs\/","og_locale":"cs_CZ","og_type":"article","og_title":"Home - Santa Clara Marbella","og_description":"Nieuwbouw van ongekende luxe en in een onge\u00ebvenaarde bouwkwaliteit. Unieke 2 & 3 slaapkamer appartementen & penthouses - vanaf \u20ac 445.000.","og_url":"https:\/\/santaclara-marbella.com\/cs\/","og_site_name":"Santa Clara Marbella","article_modified_time":"2024-09-11T07:08:40+00:00","twitter_card":"summary_large_image","twitter_misc":{"Odhadovan\u00e1 doba \u010dten\u00ed":"4 minuty"},"schema":{"@context":"https:\/\/schema.org","@graph":[{"@type":"WebPage","@id":"https:\/\/santaclara-marbella.com\/","url":"https:\/\/santaclara-marbella.com\/","name":"Domov - Santa Clara Marbella","isPartOf":{"@id":"https:\/\/santaclara-marbella.com\/#website"},"datePublished":"2016-06-13T10:25:58+00:00","dateModified":"2024-09-11T07:08:40+00:00","description":"Nov\u00e1 konstrukce neb\u00fdval\u00e9ho luxusu a v bezkonkuren\u010dn\u00ed kvalit\u011b proveden\u00ed. Jedine\u010dn\u00e9 2 a 3 lo\u017enicov\u00e9 apartm\u00e1ny a penthousy - od 445 000 \u20ac.","breadcrumb":{"@id":"https:\/\/santaclara-marbella.com\/#breadcrumb"},"inLanguage":"cs","potentialAction":[{"@type":"ReadAction","target":["https:\/\/santaclara-marbella.com\/"]}]},{"@type":"BreadcrumbList","@id":"https:\/\/santaclara-marbella.com\/#breadcrumb","itemListElement":[{"@type":"ListItem","position":1,"name":"Home","item":"https:\/\/santaclara-marbella.com\/"},{"@type":"ListItem","position":2,"name":"Home"}]},{"@type":"WebSite","@id":"https:\/\/santaclara-marbella.com\/#website","url":"https:\/\/santaclara-marbella.com\/","name":"Santa Clara Marbella","description":"","potentialAction":[{"@type":"SearchAction","target":{"@type":"EntryPoint","urlTemplate":"https:\/\/santaclara-marbella.com\/?s={search_term_string}"},"query-input":{"@type":"PropertyValueSpecification","valueRequired":true,"valueName":"search_term_string"}}],"inLanguage":"cs"}]}},"_links":{"self":[{"href":"https:\/\/santaclara-marbella.com\/cs\/wp-json\/wp\/v2\/pages\/2786","targetHints":{"allow":["GET"]}}],"collection":[{"href":"https:\/\/santaclara-marbella.com\/cs\/wp-json\/wp\/v2\/pages"}],"about":[{"href":"https:\/\/santaclara-marbella.com\/cs\/wp-json\/wp\/v2\/types\/page"}],"author":[{"embeddable":true,"href":"https:\/\/santaclara-marbella.com\/cs\/wp-json\/wp\/v2\/users\/1"}],"replies":[{"embeddable":true,"href":"https:\/\/santaclara-marbella.com\/cs\/wp-json\/wp\/v2\/comments?post=2786"}],"version-history":[{"count":96,"href":"https:\/\/santaclara-marbella.com\/cs\/wp-json\/wp\/v2\/pages\/2786\/revisions"}],"predecessor-version":[{"id":4422,"href":"https:\/\/santaclara-marbella.com\/cs\/wp-json\/wp\/v2\/pages\/2786\/revisions\/4422"}],"wp:attachment":[{"href":"https:\/\/santaclara-marbella.com\/cs\/wp-json\/wp\/v2\/media?parent=2786"}],"curies":[{"name":"wp","href":"https:\/\/api.w.org\/{rel}","templated":true}]}}