{"id":2786,"date":"2016-06-13T10:25:58","date_gmt":"2016-06-13T10:25:58","guid":{"rendered":"http:\/\/nixe-demo1.rtthemes.com\/?page_id=2786"},"modified":"2024-09-11T07:08:40","modified_gmt":"2024-09-11T07:08:40","slug":"higueron-south-het-beste-nieuwbouw-project-costa-del-sol","status":"publish","type":"page","link":"https:\/\/santaclara-marbella.com\/pl\/","title":{"rendered":"Dom"},"content":{"rendered":"<section class=\"wpb-content-wrapper\"><div  class=\"content_row row vc_row wpb_row  default-style fullwidth\" >\n\t\n\t<div class=\"content_row_wrapper nopadding fullwidth\" >\n\t<div id=\"asdasd\" class=\"vc_col-sm-12 wpb_column vc_column_container nopadding\" >\n\t<div class=\"vc_column-inner\">\n\t\t<div class=\"wpb_wrapper\" >\n\t\t\t<div id=\"content-slider-895294\" class=\"rt-carousel main-carousel carousel-holder clearfix\" data-item-width=\"1\" data-mobile-height=\"350\" data-nav=\"true\" data-dots=\"\" data-parallax=\"true\" data-timeout=\"15000\" data-autoplay=\"true\">\n<div class=\"owl-carousel\">\n\n\t\t<div class=\"item has-bg-image  global-style\" style=\"min-height: 700px;\">\n\t\t\t<a href=\"\/pl\/wiecej-informacji\/\" target=\"_self\" title=\"\"><\/a>\n\t\t\t \n\t\t\t\t\t\t<div class=\"slide-content-wrapper fullwidth clearfix\" style=\"min-height: 700px;\">\n\t\t\t\t\t\t\t<div class=\"slide-content  left text-center\" style=\"width: 50%;background-color: #ffffff;\">\t\t\t\n\t\t\t\t\t\t\t\t<h2 class=\"slide_heading\" style=\"font-size:24px; line-height:32px\" data-mobile-value=\"28\" data-mobile-line-height=\"1.5\">Santa Clara Marbella<\/h2>\n\t\t\t\t\t\t\t\t<span class=\"slide_sub_heading secondary-font\"    data-mobile-value=\"22\" data-mobile-line-height=\"1\">Ponadczasowy design pasuj\u0105cy do otoczenia<\/span>\n\t\t\t\t\t\t\t\t<div class=\"slide-text\"><p>Santa Clara ultranowoczesny nowy kompleks po\u0142o\u017cony bezpo\u015brednio przy jednym z najpi\u0119kniejszych p\u00f3l golfowych na Costa del Sol. Panoramiczne widoki na pole golfowe i morze. Blisko starego miasta Marbella i 1 km od najpi\u0119kniejszych pla\u017c w Marbelli.<\/p>\n<\/div>\n\t\t\t\t\t\t\t\t\n\t\t\t\t\t\t\t\t\n\t\t\t\t\t\t\t<\/div>\n\t\t\t\t\t\t<\/div> \n\t\t\t\t\n\t\t\t<div class=\"slide-background\" style=\"background-image: url(https:\/\/santaclara-marbella.com\/wp-content\/uploads\/sites\/29\/2023\/06\/santaclara-marbella-view-pool-night.jpg);background-repeat: no-repeat;background-size: cover;background-position: center center;\"><\/div>\n\t\t<\/div><\/div>\n\n<\/div>\n<div id=\"content-slider-560430\" class=\"rt-carousel main-carousel carousel-holder clearfix\" data-item-width=\"1\" data-mobile-height=\"350\" data-nav=\"true\" data-dots=\"\" data-parallax=\"true\" data-timeout=\"15000\" data-autoplay=\"true\">\n<div class=\"owl-carousel\">\n<\/div>\n\n<\/div>\n\n\t\t<\/div>\n\t<\/div>\n\t<\/div>\n\n<\/div>\n<\/div>\n\n<div  class=\"content_row row cta-slider vc_row wpb_row  default-style fullwidth\" >\n\t\n\t<div class=\"content_row_wrapper  fullwidth\" style=\"padding-top:0px;padding-bottom:0px;\">\n\t<div id=\"asdasd\" class=\"vc_col-sm-6 vc_col-md-offset-9 vc_col-md-3 vc_col-sm-offset-6 vc_col-xs-12 wpb_column vc_column_container alt-style-1 has-custom-margin has-nmargin\" style=\"margin-top:-107px;\">\n\t<div class=\"vc_column-inner\" style=\"padding-top:20px;padding-bottom:20px;padding-left:20px;padding-right:20px;\">\n\t\t<div class=\"wpb_wrapper\" >\n\t\t\t<div class=\"button_wrapper align hero\"><a  href=\"\/pl\/wiecej-informacji\/\" target=\"_self\" title=\"Ksi\u0105\u017cka\" class=\"button_  style-3 hero\">Wi\u0119cej informacji<\/a><\/div>\n\t\t<\/div>\n\t<\/div>\n\t<\/div>\n\n<\/div>\n<\/div>\n\n<div id=\"highlights\" class=\"content_row row vc_row wpb_row  default-style fullwidth fixed_heights rt-flex-wrapper has-custom-margin border-top\" style=\"margin-top:40px;\">\n\t\n\t<div class=\"content_row_wrapper  fullwidth\" style=\"padding-top:20px;padding-bottom:20px;\"><div id=\"asdasd\" class=\"vc_col-sm-3 wpb_column vc_column_container border-right mobile-border-bottom custom_bg\" >\n\t<div class=\"vc_column-inner\" style=\"padding-top:30px;padding-bottom:30px;background-color: rgba(255,255,255,0.1);\">\n\t\t<div class=\"wpb_wrapper\" >\n\t\t\t<article  class=\"icon-content-box content-box icon-top icon-style-1\"><div class=\"icon-holder\"><span class=\"icon-line-globe\"><\/span><\/div><div class=\"text-holder\"><h3 class=\"heading\">Rozpocznij sprzeda\u017c - Faza I<\/h3> <p class=\"aligncenter\">Znajduje si\u0119 na pierwszej linii Santa Clara Golf z widokiem na tor wodny 14. W sumie 104 dom\u00f3w z trzema i czterema sypialniami. Santa Clara Living znajduje si\u0119 we wschodniej cz\u0119\u015bci Marbelli, zaledwie kilka kilometr\u00f3w od wjazdu do miasta. Fantastyczne kompleksy golfowe, pierwszorz\u0119dne zaplecze edukacyjne i zdrowotne oraz bez w\u0105tpienia najlepsze pla\u017ce w Marbelli.<\/p>\n<p class=\"aligncenter\">Ceny od 1 100 000 \u20ac<\/p>\n<\/div><\/article>\n\t\t<\/div>\n\t<\/div>\n\t<\/div>\n\n\t<div id=\"asdasd\" class=\"vc_col-sm-3 wpb_column vc_column_container border-right mobile-border-bottom\" >\n\t<div class=\"vc_column-inner\" style=\"padding-top:30px;padding-bottom:30px;\">\n\t\t<div class=\"wpb_wrapper\" >\n\t\t\t<article  class=\"icon-content-box content-box icon-top icon-style-1\"><div class=\"icon-holder\"><span class=\"he icon-line-umbrella icon-new-heart-1\"><\/span><\/div><div class=\"text-holder\"><h3 class=\"heading\">Wsp\u00f3\u0142czesne wzornictwo<\/h3> <p class=\"aligncenter\"><span style=\"font-weight: 400;\">Ten doskonale zlokalizowany kompleks zosta\u0142 zaprojektowany tak, aby zapewni\u0107 poczucie relaksu w otwartej przestrzeni. W\u0142a\u015bciwo\u015bci oferuj\u0105 wyb\u00f3r widok\u00f3w; d\u0142ugie letnie wieczory mo\u017cna sp\u0119dzi\u0107 w parterowych nieruchomo\u015bciach z du\u017cymi tarasami i spektakularnymi ogrodami lub spektakularnych apartamentach typu penthouse z zapieraj\u0105cymi dech w piersiach widokami na pole golfowe i okolic\u0119.<\/span><\/p>\n<\/div><\/article>\n\t\t<\/div>\n\t<\/div>\n\t<\/div>\n\n\t<div id=\"asdasd\" class=\"vc_col-sm-3 wpb_column vc_column_container border-right mobile-border-bottom custom_bg\" >\n\t<div class=\"vc_column-inner\" style=\"padding-top:30px;padding-bottom:30px;background-color: rgba(255,255,255,0.1);\">\n\t\t<div class=\"wpb_wrapper\" >\n\t\t\t<article  class=\"icon-content-box content-box icon-top icon-style-1\"><div class=\"icon-holder\"><span class=\"icon-golf\"><\/span><\/div><div class=\"text-holder\"><h3 class=\"heading\">Fantastyczne kompleksy golfowe<\/h3> <p class=\"aligncenter\"><span style=\"font-weight: 400;\">Fantastyczne kompleksy golfowe, pierwszorz\u0119dne zaplecze edukacyjne i zdrowotne oraz bez w\u0105tpienia najlepsze pla\u017ce w Marbelli. Ta uprzywilejowana lokalizacja zapewnia dost\u0119p do wielu restauracji, klub\u00f3w pla\u017cowych i centr\u00f3w rekreacyjnych w promieniu 10 minut.<\/span><\/p>\n<\/div><\/article>\n\t\t<\/div>\n\t<\/div>\n\t<\/div>\n\n\t<div id=\"asdasd\" class=\"vc_col-sm-3 wpb_column vc_column_container mobile-border-bottom\" >\n\t<div class=\"vc_column-inner\" style=\"padding-top:30px;padding-bottom:30px;padding-left:30px;padding-right:30px;\">\n\t\t<div class=\"wpb_wrapper\" >\n\t\t\t<article  class=\"icon-content-box content-box icon-top icon-style-1\"><div class=\"icon-holder\"><span class=\"icon-star-empty-1\"><\/span><\/div><div class=\"text-holder\"><h3 class=\"heading\">Doskona\u0142e po\u0142\u0105czenia<\/h3> <div class=\"Z26q7c UK95Uc VGXe8\" data-content-feature=\"1\">\n<div class=\"VwiC3b yXK7lf MUxGbd yDYNvb lyLwlc\">\n<p class=\"aligncenter\"><span style=\"font-weight: 400;\">Santa Clara Living ma bezpo\u015bredni dost\u0119p do autostrad (A-7 i AP-7), kt\u00f3re prowadz\u0105 do Marbelli i Puerto Ban\u00fas, r\u00f3\u017cnych p\u00f3l golfowych i pozosta\u0142ych miast Costa del Sol. Regionalne lotniska w Maladze i Gibraltarze zapewniaj\u0105 szybkie i \u0142atwe po\u0142\u0105czenia z miejscami docelowymi na ca\u0142ym \u015bwiecie<\/span><\/p>\n<\/div>\n<\/div>\n<\/div><\/article>\n\t\t<\/div>\n\t<\/div>\n\t<\/div>\n<\/div>\n<\/div>\n\n<div  class=\"content_row row quote-row vc_row wpb_row  default-style fullwidth has-custom-margin has-custom-margin\" style=\"margin-bottom:50px;background-color: #fcfcfc;\">\n\t\n\t<div class=\"content_row_wrapper  fullwidth\" >\n\t<div id=\"asdasd\" class=\"vc_col-sm-12 wpb_column vc_column_container vc_custom_1644925648982\" >\n\t<div class=\"vc_column-inner\">\n\t\t<div class=\"wpb_wrapper\" >\n\t\t\t<div class=\"rt_heading_wrapper style-3\">\n\t\t\t\t\t\t<h4 class=\"rt_heading serif style-3\" >Ultra nowoczesny nowy kompleks tu\u017c przy jednym z najpi\u0119kniejszych p\u00f3l golfowych na Costa del Sol<\/h4> \n\t\t\t\t\t<\/div>\n\t\t<\/div>\n\t<\/div>\n\t<\/div>\n\n<\/div>\n<\/div>\n\n<div  class=\"content_row row room-list vc_row wpb_row  default-style fullwidth\" >\n\t\n\t<div class=\"content_row_wrapper  fullwidth\" >\n\t<div id=\"asdasd\" class=\"vc_col-sm-12 wpb_column vc_column_container\" >\n\t<div class=\"vc_column-inner\">\n\t\t<div class=\"wpb_wrapper\" >\n\t\t\t\n\t<div class=\"wpb_text_column wpb_content_element  vc_custom_1648208307727\" >\n\t\t<div class=\"wpb_wrapper\">\n\t\t\t<div class=\"rt-gallery clearfix grid4fotos fixed_heights animated-layout\">\n\t<div class=\"row clearfix\">\n\t\t\n\n\t\t<div class=\"col col-sm-3 col-xs-12 col-fotos\">\n\t\t\t<!-- room info -->\n\n\t\t\t<div class=\"room-info has-bg-image gallery-item-holder\"\n\t\t\t\t data-thumbnail=\"https:\/\/santaclara-marbella.com\/wp-content\/uploads\/sites\/29\/2022\/10\/santa-clara-marbella-terraces.jpg\"\n\t\t\t\t data-min-height=\"350\" style=\"min-height: 350px;\">\n\n\t\t\t\t<div class=\"room-info-wrapper\" style=\"top: calc(50% - 175px);\">\n\n\t\t\t\t\t<!-- title-->\n\t\t\t\t\t<h5 class=\"room-title\"><a href=\"https:\/\/santaclara-marbella.com\/wp-content\/uploads\/sites\/29\/2022\/10\/santa-clara-marbella-terraces.jpg\" title=\"Santa Clara Marbella\" rel=\"bookmark\">Santa Clara Marbella<\/a><\/h5>\n\n\t\t\t\t\t<!-- text-->\n\t\t\t\t\t<p><a id=\"\" class=\"imgeffect zoom rt_lightbox\" data-gal-id=\"\" data-rel=\"rt_lightbox\"\n\t\t\t\t\t\t  title=\"Powi\u0119ksz obraz\" data-title=\"Santa Clara Marbella\" data-sub-html=\"\" data-src=\"\" data-width=\"\"\n\t\t\t\t\t\t  data-height=\"\" data-poster=\"\" data-autoplay=\"\" data-audiotitle=\"\" data-download-url=\"false\"\n\t\t\t\t\t\t  href=\"https:\/\/santaclara-marbella.com\/wp-content\/uploads\/sites\/29\/2022\/10\/santa-clara-marbella-terraces.jpg\">Zobacz zdj\u0119cie<\/a><\/p>\n\t\t\t\t\t<!-- key features -->\n\n\n\t\t\t\t\t<!-- button -->\n\t\t\t\t\t<a class=\"button_ style-2 small margin-t30\"\n\t\t\t\t\t   href=\"https:\/\/santaclara-marbella.com\/wp-content\/uploads\/sites\/29\/2022\/10\/santa-clara-marbella-terraces.jpg\" title=\"Santa Clara Marbella\"><span class=\"icon-angle-right\"><\/span>wi\u0119cej szczeg\u00f3\u0142\u00f3w<\/a>\n\n\n\t\t\t\t<\/div>\n\t\t\t\t<!--\/ end .room-info-wrapper -->\n\n\n\t\t\t\t<!-- single title-->\n\t\t\t\t<div class=\"room-single-title\">Santa Clara Marbella<\/div>\n\n\t\t\t\t<!-- overlay background -->\n\t\t\t\t<div class=\"room-bg-ovelay\"\n\t\t\t\t\t style=\"background-image: url(&quot;https:\/\/santaclara-marbella.com\/wp-content\/uploads\/sites\/29\/2022\/10\/santa-clara-marbella-terraces.jpg&quot;);\">\n\t\t\t\t<\/div>\n\n\t\t\t<\/div>\n\t\t\t<!--\/ end .room-info -->\n\t\t<\/div>\n\n\t\t\n\n\t\t<div class=\"col col-sm-3 col-xs-12 col-fotos\">\n\t\t\t<!-- room info -->\n\n\t\t\t<div class=\"room-info has-bg-image gallery-item-holder\"\n\t\t\t\t data-thumbnail=\"https:\/\/santaclara-marbella.com\/wp-content\/uploads\/sites\/29\/2022\/04\/santa-clara-marbella-resort.jpg\"\n\t\t\t\t data-min-height=\"350\" style=\"min-height: 350px;\">\n\n\t\t\t\t<div class=\"room-info-wrapper\" style=\"top: calc(50% - 175px);\">\n\n\t\t\t\t\t<!-- title-->\n\t\t\t\t\t<h5 class=\"room-title\"><a href=\"https:\/\/santaclara-marbella.com\/wp-content\/uploads\/sites\/29\/2022\/04\/santa-clara-marbella-resort.jpg\" title=\"Santa Clara Marbella\" rel=\"bookmark\">Santa Clara Marbella<\/a><\/h5>\n\n\t\t\t\t\t<!-- text-->\n\t\t\t\t\t<p><a id=\"\" class=\"imgeffect zoom rt_lightbox\" data-gal-id=\"\" data-rel=\"rt_lightbox\"\n\t\t\t\t\t\t  title=\"Powi\u0119ksz obraz\" data-title=\"Santa Clara Marbella\" data-sub-html=\"\" data-src=\"\" data-width=\"\"\n\t\t\t\t\t\t  data-height=\"\" data-poster=\"\" data-autoplay=\"\" data-audiotitle=\"\" data-download-url=\"false\"\n\t\t\t\t\t\t  href=\"https:\/\/santaclara-marbella.com\/wp-content\/uploads\/sites\/29\/2022\/04\/santa-clara-marbella-resort.jpg\">Zobacz zdj\u0119cie<\/a><\/p>\n\t\t\t\t\t<!-- key features -->\n\n\n\t\t\t\t\t<!-- button -->\n\t\t\t\t\t<a class=\"button_ style-2 small margin-t30\"\n\t\t\t\t\t   href=\"https:\/\/santaclara-marbella.com\/wp-content\/uploads\/sites\/29\/2022\/04\/santa-clara-marbella-resort.jpg\" title=\"Santa Clara Marbella\"><span class=\"icon-angle-right\"><\/span>wi\u0119cej szczeg\u00f3\u0142\u00f3w<\/a>\n\n\n\t\t\t\t<\/div>\n\t\t\t\t<!--\/ end .room-info-wrapper -->\n\n\n\t\t\t\t<!-- single title-->\n\t\t\t\t<div class=\"room-single-title\">Santa Clara Marbella<\/div>\n\n\t\t\t\t<!-- overlay background -->\n\t\t\t\t<div class=\"room-bg-ovelay\"\n\t\t\t\t\t style=\"background-image: url(&quot;https:\/\/santaclara-marbella.com\/wp-content\/uploads\/sites\/29\/2022\/04\/santa-clara-marbella-resort.jpg&quot;);\">\n\t\t\t\t<\/div>\n\n\t\t\t<\/div>\n\t\t\t<!--\/ end .room-info -->\n\t\t<\/div>\n\n\t\t\n\n\t\t<div class=\"col col-sm-3 col-xs-12 col-fotos\">\n\t\t\t<!-- room info -->\n\n\t\t\t<div class=\"room-info has-bg-image gallery-item-holder\"\n\t\t\t\t data-thumbnail=\"https:\/\/santaclara-marbella.com\/wp-content\/uploads\/sites\/29\/2022\/10\/santa-clara-marbella-terraces-1.jpg\"\n\t\t\t\t data-min-height=\"350\" style=\"min-height: 350px;\">\n\n\t\t\t\t<div class=\"room-info-wrapper\" style=\"top: calc(50% - 175px);\">\n\n\t\t\t\t\t<!-- title-->\n\t\t\t\t\t<h5 class=\"room-title\"><a href=\"https:\/\/santaclara-marbella.com\/wp-content\/uploads\/sites\/29\/2022\/10\/santa-clara-marbella-terraces-1.jpg\" title=\"Santa Clara Marbella\" rel=\"bookmark\">Santa Clara Marbella<\/a><\/h5>\n\n\t\t\t\t\t<!-- text-->\n\t\t\t\t\t<p><a id=\"\" class=\"imgeffect zoom rt_lightbox\" data-gal-id=\"\" data-rel=\"rt_lightbox\"\n\t\t\t\t\t\t  title=\"Powi\u0119ksz obraz\" data-title=\"Santa Clara Marbella\" data-sub-html=\"\" data-src=\"\" data-width=\"\"\n\t\t\t\t\t\t  data-height=\"\" data-poster=\"\" data-autoplay=\"\" data-audiotitle=\"\" data-download-url=\"false\"\n\t\t\t\t\t\t  href=\"https:\/\/santaclara-marbella.com\/wp-content\/uploads\/sites\/29\/2022\/10\/santa-clara-marbella-terraces-1.jpg\">Zobacz zdj\u0119cie<\/a><\/p>\n\t\t\t\t\t<!-- key features -->\n\n\n\t\t\t\t\t<!-- button -->\n\t\t\t\t\t<a class=\"button_ style-2 small margin-t30\"\n\t\t\t\t\t   href=\"https:\/\/santaclara-marbella.com\/wp-content\/uploads\/sites\/29\/2022\/10\/santa-clara-marbella-terraces-1.jpg\" title=\"Santa Clara Marbella\"><span class=\"icon-angle-right\"><\/span>wi\u0119cej szczeg\u00f3\u0142\u00f3w<\/a>\n\n\n\t\t\t\t<\/div>\n\t\t\t\t<!--\/ end .room-info-wrapper -->\n\n\n\t\t\t\t<!-- single title-->\n\t\t\t\t<div class=\"room-single-title\">Santa Clara Marbella<\/div>\n\n\t\t\t\t<!-- overlay background -->\n\t\t\t\t<div class=\"room-bg-ovelay\"\n\t\t\t\t\t style=\"background-image: url(&quot;https:\/\/santaclara-marbella.com\/wp-content\/uploads\/sites\/29\/2022\/10\/santa-clara-marbella-terraces-1.jpg&quot;);\">\n\t\t\t\t<\/div>\n\n\t\t\t<\/div>\n\t\t\t<!--\/ end .room-info -->\n\t\t<\/div>\n\n\t\t\n\n\t\t<div class=\"col col-sm-3 col-xs-12 col-fotos\">\n\t\t\t<!-- room info -->\n\n\t\t\t<div class=\"room-info has-bg-image gallery-item-holder\"\n\t\t\t\t data-thumbnail=\"https:\/\/santaclara-marbella.com\/wp-content\/uploads\/sites\/29\/2022\/03\/santa-clara-marbella-view4.jpg\"\n\t\t\t\t data-min-height=\"350\" style=\"min-height: 350px;\">\n\n\t\t\t\t<div class=\"room-info-wrapper\" style=\"top: calc(50% - 175px);\">\n\n\t\t\t\t\t<!-- title-->\n\t\t\t\t\t<h5 class=\"room-title\"><a href=\"https:\/\/santaclara-marbella.com\/wp-content\/uploads\/sites\/29\/2022\/03\/santa-clara-marbella-view4.jpg\" title=\"Santa Clara Marbella\" rel=\"bookmark\">Santa Clara Marbella<\/a><\/h5>\n\n\t\t\t\t\t<!-- text-->\n\t\t\t\t\t<p><a id=\"\" class=\"imgeffect zoom rt_lightbox\" data-gal-id=\"\" data-rel=\"rt_lightbox\"\n\t\t\t\t\t\t  title=\"Powi\u0119ksz obraz\" data-title=\"Santa Clara Marbella\" data-sub-html=\"\" data-src=\"\" data-width=\"\"\n\t\t\t\t\t\t  data-height=\"\" data-poster=\"\" data-autoplay=\"\" data-audiotitle=\"\" data-download-url=\"false\"\n\t\t\t\t\t\t  href=\"https:\/\/santaclara-marbella.com\/wp-content\/uploads\/sites\/29\/2022\/03\/santa-clara-marbella-view4.jpg\">Zobacz zdj\u0119cie<\/a><\/p>\n\t\t\t\t\t<!-- key features -->\n\n\n\t\t\t\t\t<!-- button -->\n\t\t\t\t\t<a class=\"button_ style-2 small margin-t30\"\n\t\t\t\t\t   href=\"https:\/\/santaclara-marbella.com\/wp-content\/uploads\/sites\/29\/2022\/03\/santa-clara-marbella-view4.jpg\" title=\"Santa Clara Marbella\"><span class=\"icon-angle-right\"><\/span>wi\u0119cej szczeg\u00f3\u0142\u00f3w<\/a>\n\n\n\t\t\t\t<\/div>\n\t\t\t\t<!--\/ end .room-info-wrapper -->\n\n\n\t\t\t\t<!-- single title-->\n\t\t\t\t<div class=\"room-single-title\">Santa Clara Marbella<\/div>\n\n\t\t\t\t<!-- overlay background -->\n\t\t\t\t<div class=\"room-bg-ovelay\"\n\t\t\t\t\t style=\"background-image: url(&quot;https:\/\/santaclara-marbella.com\/wp-content\/uploads\/sites\/29\/2022\/03\/santa-clara-marbella-view4.jpg&quot;);\">\n\t\t\t\t<\/div>\n\n\t\t\t<\/div>\n\t\t\t<!--\/ end .room-info -->\n\t\t<\/div>\n\n\t\t\n\n\t\t<div class=\"col col-sm-3 col-xs-12 col-fotos\">\n\t\t\t<!-- room info -->\n\n\t\t\t<div class=\"room-info has-bg-image gallery-item-holder\"\n\t\t\t\t data-thumbnail=\"https:\/\/santaclara-marbella.com\/wp-content\/uploads\/sites\/29\/2022\/03\/santa-clara-marbella-view6.jpg\"\n\t\t\t\t data-min-height=\"350\" style=\"min-height: 350px;\">\n\n\t\t\t\t<div class=\"room-info-wrapper\" style=\"top: calc(50% - 175px);\">\n\n\t\t\t\t\t<!-- title-->\n\t\t\t\t\t<h5 class=\"room-title\"><a href=\"https:\/\/santaclara-marbella.com\/wp-content\/uploads\/sites\/29\/2022\/03\/santa-clara-marbella-view6.jpg\" title=\"Santa Clara Marbella\" rel=\"bookmark\">Santa Clara Marbella<\/a><\/h5>\n\n\t\t\t\t\t<!-- text-->\n\t\t\t\t\t<p><a id=\"\" class=\"imgeffect zoom rt_lightbox\" data-gal-id=\"\" data-rel=\"rt_lightbox\"\n\t\t\t\t\t\t  title=\"Powi\u0119ksz obraz\" data-title=\"Santa Clara Marbella\" data-sub-html=\"\" data-src=\"\" data-width=\"\"\n\t\t\t\t\t\t  data-height=\"\" data-poster=\"\" data-autoplay=\"\" data-audiotitle=\"\" data-download-url=\"false\"\n\t\t\t\t\t\t  href=\"https:\/\/santaclara-marbella.com\/wp-content\/uploads\/sites\/29\/2022\/03\/santa-clara-marbella-view6.jpg\">Zobacz zdj\u0119cie<\/a><\/p>\n\t\t\t\t\t<!-- key features -->\n\n\n\t\t\t\t\t<!-- button -->\n\t\t\t\t\t<a class=\"button_ style-2 small margin-t30\"\n\t\t\t\t\t   href=\"https:\/\/santaclara-marbella.com\/wp-content\/uploads\/sites\/29\/2022\/03\/santa-clara-marbella-view6.jpg\" title=\"Santa Clara Marbella\"><span class=\"icon-angle-right\"><\/span>wi\u0119cej szczeg\u00f3\u0142\u00f3w<\/a>\n\n\n\t\t\t\t<\/div>\n\t\t\t\t<!--\/ end .room-info-wrapper -->\n\n\n\t\t\t\t<!-- single title-->\n\t\t\t\t<div class=\"room-single-title\">Santa Clara Marbella<\/div>\n\n\t\t\t\t<!-- overlay background -->\n\t\t\t\t<div class=\"room-bg-ovelay\"\n\t\t\t\t\t style=\"background-image: url(&quot;https:\/\/santaclara-marbella.com\/wp-content\/uploads\/sites\/29\/2022\/03\/santa-clara-marbella-view6.jpg&quot;);\">\n\t\t\t\t<\/div>\n\n\t\t\t<\/div>\n\t\t\t<!--\/ end .room-info -->\n\t\t<\/div>\n\n\t\t\n\n\t\t<div class=\"col col-sm-3 col-xs-12 col-fotos\">\n\t\t\t<!-- room info -->\n\n\t\t\t<div class=\"room-info has-bg-image gallery-item-holder\"\n\t\t\t\t data-thumbnail=\"https:\/\/santaclara-marbella.com\/wp-content\/uploads\/sites\/29\/2022\/05\/santaclara-marbella-view-evening.jpg\"\n\t\t\t\t data-min-height=\"350\" style=\"min-height: 350px;\">\n\n\t\t\t\t<div class=\"room-info-wrapper\" style=\"top: calc(50% - 175px);\">\n\n\t\t\t\t\t<!-- title-->\n\t\t\t\t\t<h5 class=\"room-title\"><a href=\"https:\/\/santaclara-marbella.com\/wp-content\/uploads\/sites\/29\/2022\/05\/santaclara-marbella-view-evening.jpg\" title=\"Santa Clara Marbella\" rel=\"bookmark\">Santa Clara Marbella<\/a><\/h5>\n\n\t\t\t\t\t<!-- text-->\n\t\t\t\t\t<p><a id=\"\" class=\"imgeffect zoom rt_lightbox\" data-gal-id=\"\" data-rel=\"rt_lightbox\"\n\t\t\t\t\t\t  title=\"Powi\u0119ksz obraz\" data-title=\"Santa Clara Marbella\" data-sub-html=\"\" data-src=\"\" data-width=\"\"\n\t\t\t\t\t\t  data-height=\"\" data-poster=\"\" data-autoplay=\"\" data-audiotitle=\"\" data-download-url=\"false\"\n\t\t\t\t\t\t  href=\"https:\/\/santaclara-marbella.com\/wp-content\/uploads\/sites\/29\/2022\/05\/santaclara-marbella-view-evening.jpg\">Zobacz zdj\u0119cie<\/a><\/p>\n\t\t\t\t\t<!-- key features -->\n\n\n\t\t\t\t\t<!-- button -->\n\t\t\t\t\t<a class=\"button_ style-2 small margin-t30\"\n\t\t\t\t\t   href=\"https:\/\/santaclara-marbella.com\/wp-content\/uploads\/sites\/29\/2022\/05\/santaclara-marbella-view-evening.jpg\" title=\"Santa Clara Marbella\"><span class=\"icon-angle-right\"><\/span>wi\u0119cej szczeg\u00f3\u0142\u00f3w<\/a>\n\n\n\t\t\t\t<\/div>\n\t\t\t\t<!--\/ end .room-info-wrapper -->\n\n\n\t\t\t\t<!-- single title-->\n\t\t\t\t<div class=\"room-single-title\">Santa Clara Marbella<\/div>\n\n\t\t\t\t<!-- overlay background -->\n\t\t\t\t<div class=\"room-bg-ovelay\"\n\t\t\t\t\t style=\"background-image: url(&quot;https:\/\/santaclara-marbella.com\/wp-content\/uploads\/sites\/29\/2022\/05\/santaclara-marbella-view-evening.jpg&quot;);\">\n\t\t\t\t<\/div>\n\n\t\t\t<\/div>\n\t\t\t<!--\/ end .room-info -->\n\t\t<\/div>\n\n\t\t\t<\/div>\n<\/div>\n\n\n\t\t<\/div>\n\t<\/div>\n<div class=\"vc_empty_space\"   style=\"height: 36px\"><span class=\"vc_empty_space_inner\"><\/span><\/div><div class=\"button_wrapper aligncenter\"><a  href=\"\/pl\/zdjecia\/\" target=\"_self\" title=\"&gt; wi\u0119cej zdj\u0119\u0107\" class=\"button_  style-2 small\">&gt; wi\u0119cej zdj\u0119\u0107<\/a><\/div>\n\t\t<\/div>\n\t<\/div>\n\t<\/div>\n\n<\/div>\n<\/div>\n\n<div  class=\"content_row row news-events vc_row wpb_row  default-style fullwidth fixed_heights rt-flex-wrapper rt-flex-wrapper border-top\" >\n\t\n\t<div class=\"content_row_wrapper align-contents content-align-middle fullwidth\" style=\"padding-top:40px;padding-bottom:40px;\">\n\t<div id=\"asdasd\" class=\"vc_col-sm-12 wpb_column vc_column_container\" >\n\t<div class=\"vc_column-inner\" style=\"padding-top:50px;\">\n\t\t<div class=\"wpb_wrapper\" >\n\t\t\t<div class=\"rt_heading_wrapper style-4\">\n\t\t\t\t\t\t<h3 class=\"rt_heading  style-4\" >Nowoczesne i innowacyjne architektonicznie projekty dom\u00f3w<\/h3> \n\t\t\t\t\t<\/div>\n\t<div class=\"wpb_text_column wpb_content_element\" >\n\t\t<div class=\"wpb_wrapper\">\n\t\t\t<p style=\"text-align: center;\">kt\u00f3re zapewniaj\u0105 harmonijne wra\u017cenie z jasnymi przestrzeniami i du\u017cymi oknami, przez kt\u00f3re mo\u017cna podziwia\u0107 widok na morze.<\/p>\n\n\t\t<\/div>\n\t<\/div>\n<div class=\"vc_empty_space\"   style=\"height: 40px\"><span class=\"vc_empty_space_inner\"><\/span><\/div>\n<div id=\"blog-dynamicID-925345\" class=\"blog_list clearfix fixed_heights\" data-column-width=\"4\">\n<div class=\"row clearfix\">\n<article id=\"2881\" class=\"col col-sm-3 post-2881 post type-post status-publish format-gallery has-post-thumbnail hentry category-events category-news post_format-post-format-gallery\">\n \n\n<!-- blog box-->\n\t\n\t\t<figure class=\"featured_image featured_media\">\n\t\t<a id=\"featured-image-2881\" class=\"imgeffect zoom rt_lightbox featured_image\" data-gal-id=\"image_4349\" data-rel=\"rt_lightbox\" title=\"Powi\u0119ksz obraz\" data-title=\"La Cala Golf\" data-sub-html=\"\" data-src=\"\" data-width=\"\" data-height=\"\" data-poster=\"\" data-autoplay=\"\" data-audiotitle=\"\" data-download-url=\"false\" href=\"https:\/\/santaclara-marbella.com\/wp-content\/uploads\/sites\/29\/2016\/06\/lacalagolf.jpg\"><img decoding=\"async\" src=\"https:\/\/santaclara-marbella.com\/wp-content\/uploads\/sites\/29\/2016\/06\/lacalagolf.jpg\" alt=\"\" class=\"\" \/><\/a>\t<\/figure> \n\t\n\t \n\n\t\n\t<div class=\"entry-content text no-post-sidebar\">\n\n\t\t<!-- blog headline-->\n\t\t<h6 class=\"entry-title\"><a href=\"https:\/\/santaclara-marbella.com\/pl\/kursy-wedkarskie-rozpoczete-w-lipcu\/\" rel=\"bookmark\">Pole golfowe La Cala<\/a><\/h6> \n\t\t\t\t\n\t\t\n\t\t<p>Trzy fantastyczne tory mistrzowskie, z kt\u00f3rych ka\u017cdy ma swoje unikalne wyzwania, p\u0142ynnie wpasowuj\u0105 si\u0119 w naturalne, pofa\u0142dowane t\u0142o osza\u0142amiaj\u0105co pi\u0119knych drzew i kwiat\u00f3w, bogate w ptaki i dzik\u0105 przyrod\u0119\u2026 <a class=\"more-link\" href=\"https:\/\/santaclara-marbella.com\/pl\/kursy-wedkarskie-rozpoczete-w-lipcu\/\">Kontynuuj czytanie<\/a><\/p>\n\n\t<\/div> \n<!-- \/ blog box--><\/article>\n<article id=\"4271\" class=\"col col-sm-3 post-4271 post type-post status-publish format-standard has-post-thumbnail hentry category-uncategorized\">\n \n\n<!-- blog box-->\n\n\t\t<figure class=\"featured_image featured_media\">\n\t\t<a id=\"lightbox-781200\" class=\"imgeffect zoom rt_lightbox featured_image\" data-gal-id=\"image_4351\" data-rel=\"rt_lightbox\" title=\"Powi\u0119ksz obraz\" data-title=\"Mijas Costa\" data-sub-html=\"\" data-src=\"\" data-width=\"\" data-height=\"\" data-poster=\"\" data-autoplay=\"\" data-audiotitle=\"\" data-download-url=\"false\" href=\"https:\/\/santaclara-marbella.com\/wp-content\/uploads\/sites\/29\/2016\/06\/beach-1.jpg\"><img decoding=\"async\" src=\"https:\/\/santaclara-marbella.com\/wp-content\/uploads\/sites\/29\/2016\/06\/beach-1.jpg\" alt=\"\" class=\"\" \/><\/a>\t\t\n\t<\/figure> \n\t\n\n\t\n\t<div class=\"entry-content text no-post-sidebar\">\n\n\t\t<!-- blog headline-->\n\t\t<h6 class=\"entry-title\"><a href=\"https:\/\/santaclara-marbella.com\/pl\/sendero-las-presas\/\" rel=\"bookmark\">Mijas Costa<\/a><\/h6> \n\t\t\t\t\n\t\t\n\t\t<p>Pla\u017ce, relaks, sklepy i pyszna sma\u017cona ryba: Mijas Costa to idealna wioska rybacka, w kt\u00f3rej mo\u017cna sp\u0119dzi\u0107 wymarzone wakacje na wybrze\u017cu. Mijas Costa ma ponad 11 kilometr\u00f3w linii brzegowej z dziewiczymi pla\u017cami, kt\u00f3rych nie mo\u017cna przegapi\u0107\u2026 <a class=\"more-link\" href=\"https:\/\/santaclara-marbella.com\/pl\/sendero-las-presas\/\">Kontynuuj czytanie<\/a><\/p>\n\t<\/div> \n\n<!-- \/ blog box-->\n<\/article>\n<article id=\"2876\" class=\"col col-sm-3 post-2876 post type-post status-publish format-gallery has-post-thumbnail hentry category-news post_format-post-format-gallery\">\n \n\n<!-- blog box-->\n\t\n\t\t<figure class=\"featured_image featured_media\">\n\t\t<a id=\"featured-image-2876\" class=\"imgeffect zoom rt_lightbox featured_image\" data-gal-id=\"image_4319\" data-rel=\"rt_lightbox\" title=\"Powi\u0119ksz obraz\" data-title=\"Chiringuito\" data-sub-html=\"\" data-src=\"\" data-width=\"\" data-height=\"\" data-poster=\"\" data-autoplay=\"\" data-audiotitle=\"\" data-download-url=\"false\" href=\"https:\/\/santaclara-marbella.com\/wp-content\/uploads\/sites\/29\/2016\/06\/seafood-1.jpg\"><img decoding=\"async\" src=\"https:\/\/santaclara-marbella.com\/wp-content\/uploads\/sites\/29\/2016\/06\/seafood-1.jpg\" alt=\"\" class=\"\" \/><\/a>\t<\/figure> \n\t\n\t \n\n\t\n\t<div class=\"entry-content text no-post-sidebar\">\n\n\t\t<!-- blog headline-->\n\t\t<h6 class=\"entry-title\"><a href=\"https:\/\/santaclara-marbella.com\/pl\/fusce-mattis-lacus-blandit-convallis\/\" rel=\"bookmark\">Chiringuito<\/a><\/h6> \n\t\t\t\t\n\t\t\n\t\t<p>Pla\u017ce roj\u0105 si\u0119 od prawdziwych chiringuito. Jedzenie na pla\u017cy. Specjalizuje si\u0119 w rybach i skorupiakach. Wszystko dostarczane \u015bwie\u017ce codziennie\u2026 <a class=\"more-link\" href=\"https:\/\/santaclara-marbella.com\/pl\/fusce-mattis-lacus-blandit-convallis\/\">Kontynuuj czytanie<\/a><\/p>\n\n\t<\/div> \n<!-- \/ blog box--><\/article>\n<article id=\"2877\" class=\"col col-sm-3 post-2877 post type-post status-publish format-standard has-post-thumbnail hentry category-articles\">\n \n\n<!-- blog box-->\n\n\t\t<figure class=\"featured_image featured_media\">\n\t\t<a id=\"lightbox-923395\" class=\"imgeffect zoom rt_lightbox featured_image\" data-gal-id=\"image_4356\" data-rel=\"rt_lightbox\" title=\"Powi\u0119ksz obraz\" data-title=\"Mijas Pueblo\" data-sub-html=\"\" data-src=\"\" data-width=\"\" data-height=\"\" data-poster=\"\" data-autoplay=\"\" data-audiotitle=\"\" data-download-url=\"false\" href=\"https:\/\/santaclara-marbella.com\/wp-content\/uploads\/sites\/29\/2016\/06\/mijas-1.jpg\"><img decoding=\"async\" src=\"https:\/\/santaclara-marbella.com\/wp-content\/uploads\/sites\/29\/2016\/06\/mijas-1.jpg\" alt=\"\" class=\"\" \/><\/a>\t\t\n\t<\/figure> \n\t\n\n\t\n\t<div class=\"entry-content text no-post-sidebar\">\n\n\t\t<!-- blog headline-->\n\t\t<h6 class=\"entry-title\"><a href=\"https:\/\/santaclara-marbella.com\/pl\/znaczenie-planowania-wycieczki\/\" rel=\"bookmark\">Mijas Pueblo<\/a><\/h6> \n\t\t\t\t\n\t\t\n\t\t<p>Mijas jest sercem regionu Costa del Sol i sk\u0142ada si\u0119 z trzech o\u015brodk\u00f3w miejskich: Mijas Pueblo, Mijas Costa z Las Lagunas i La Cala z Calahondas. Mijas Pueblo znajduje si\u0119 na zboczach pasma g\u00f3rskiego Sierra de Mijas, wioska po\u0142o\u017cona jest na wysoko\u015bci 430 m n.p.m. i jest jednym z \u2026 <a class=\"more-link\" href=\"https:\/\/santaclara-marbella.com\/pl\/znaczenie-planowania-wycieczki\/\">Kontynuuj czytanie<\/a><\/p>\n\t<\/div> \n\n<!-- \/ blog box-->\n<\/article>\n<\/div>\n<\/div>\n\n\t\t<\/div>\n\t<\/div>\n\t<\/div>\n\n<\/div>\n<\/div>\n<\/section>","protected":false},"excerpt":{"rendered":"<p>\u2026 <a class=\"more-link\" href=\"https:\/\/santaclara-marbella.com\/pl\/znaczenie-planowania-wycieczki\/\">Kontynuuj czytanie<\/a><\/p>","protected":false},"author":1,"featured_media":0,"parent":0,"menu_order":4,"comment_status":"closed","ping_status":"closed","template":"","meta":{"footnotes":""},"class_list":["post-2786","page","type-page","status-publish","hentry"],"yoast_head":"<!-- This site is optimized with the Yoast SEO plugin v26.0 - https:\/\/yoast.com\/wordpress\/plugins\/seo\/ -->\n<title>Home - Santa Clara Marbella<\/title>\n<meta name=\"description\" content=\"Nieuwbouw van ongekende luxe en in een onge\u00ebvenaarde bouwkwaliteit. Unieke 2 &amp; 3 slaapkamer appartementen &amp; penthouses - vanaf \u20ac 445.000.\" \/>\n<meta name=\"robots\" content=\"index, follow, max-snippet:-1, max-image-preview:large, max-video-preview:-1\" \/>\n<link rel=\"canonical\" href=\"https:\/\/santaclara-marbella.com\/pl\/\" \/>\n<meta property=\"og:locale\" content=\"pl_PL\" \/>\n<meta property=\"og:type\" content=\"article\" \/>\n<meta property=\"og:title\" content=\"Home - Santa Clara Marbella\" \/>\n<meta property=\"og:description\" content=\"Nieuwbouw van ongekende luxe en in een onge\u00ebvenaarde bouwkwaliteit. Unieke 2 &amp; 3 slaapkamer appartementen &amp; penthouses - vanaf \u20ac 445.000.\" \/>\n<meta property=\"og:url\" content=\"https:\/\/santaclara-marbella.com\/pl\/\" \/>\n<meta property=\"og:site_name\" content=\"Santa Clara Marbella\" \/>\n<meta property=\"article:modified_time\" content=\"2024-09-11T07:08:40+00:00\" \/>\n<meta name=\"twitter:card\" content=\"summary_large_image\" \/>\n<meta name=\"twitter:label1\" content=\"Szacowany czas czytania\" \/>\n\t<meta name=\"twitter:data1\" content=\"4 minuty\" \/>\n<script type=\"application\/ld+json\" class=\"yoast-schema-graph\">{\"@context\":\"https:\/\/schema.org\",\"@graph\":[{\"@type\":\"WebPage\",\"@id\":\"https:\/\/santaclara-marbella.com\/\",\"url\":\"https:\/\/santaclara-marbella.com\/\",\"name\":\"Home - Santa Clara Marbella\",\"isPartOf\":{\"@id\":\"https:\/\/santaclara-marbella.com\/#website\"},\"datePublished\":\"2016-06-13T10:25:58+00:00\",\"dateModified\":\"2024-09-11T07:08:40+00:00\",\"description\":\"Nieuwbouw van ongekende luxe en in een onge\u00ebvenaarde bouwkwaliteit. Unieke 2 & 3 slaapkamer appartementen & penthouses - vanaf \u20ac 445.000.\",\"breadcrumb\":{\"@id\":\"https:\/\/santaclara-marbella.com\/#breadcrumb\"},\"inLanguage\":\"pl-PL\",\"potentialAction\":[{\"@type\":\"ReadAction\",\"target\":[\"https:\/\/santaclara-marbella.com\/\"]}]},{\"@type\":\"BreadcrumbList\",\"@id\":\"https:\/\/santaclara-marbella.com\/#breadcrumb\",\"itemListElement\":[{\"@type\":\"ListItem\",\"position\":1,\"name\":\"Home\",\"item\":\"https:\/\/santaclara-marbella.com\/\"},{\"@type\":\"ListItem\",\"position\":2,\"name\":\"Home\"}]},{\"@type\":\"WebSite\",\"@id\":\"https:\/\/santaclara-marbella.com\/#website\",\"url\":\"https:\/\/santaclara-marbella.com\/\",\"name\":\"Santa Clara Marbella\",\"description\":\"\",\"potentialAction\":[{\"@type\":\"SearchAction\",\"target\":{\"@type\":\"EntryPoint\",\"urlTemplate\":\"https:\/\/santaclara-marbella.com\/?s={search_term_string}\"},\"query-input\":{\"@type\":\"PropertyValueSpecification\",\"valueRequired\":true,\"valueName\":\"search_term_string\"}}],\"inLanguage\":\"pl-PL\"}]}<\/script>\n<!-- \/ Yoast SEO plugin. -->","yoast_head_json":{"title":"Dom - Santa Clara Marbella","description":"Nowa konstrukcja o niespotykanym luksusie i niezr\u00f3wnanej jako\u015bci wykonania. Wyj\u0105tkowe apartamenty i penthouse&#039;y z 2 i 3 sypialniami - od 445 000 \u20ac.","robots":{"index":"index","follow":"follow","max-snippet":"max-snippet:-1","max-image-preview":"max-image-preview:large","max-video-preview":"max-video-preview:-1"},"canonical":"https:\/\/santaclara-marbella.com\/pl\/","og_locale":"pl_PL","og_type":"article","og_title":"Home - Santa Clara Marbella","og_description":"Nieuwbouw van ongekende luxe en in een onge\u00ebvenaarde bouwkwaliteit. Unieke 2 & 3 slaapkamer appartementen & penthouses - vanaf \u20ac 445.000.","og_url":"https:\/\/santaclara-marbella.com\/pl\/","og_site_name":"Santa Clara Marbella","article_modified_time":"2024-09-11T07:08:40+00:00","twitter_card":"summary_large_image","twitter_misc":{"Szacowany czas czytania":"4 minuty"},"schema":{"@context":"https:\/\/schema.org","@graph":[{"@type":"WebPage","@id":"https:\/\/santaclara-marbella.com\/","url":"https:\/\/santaclara-marbella.com\/","name":"Dom - Santa Clara Marbella","isPartOf":{"@id":"https:\/\/santaclara-marbella.com\/#website"},"datePublished":"2016-06-13T10:25:58+00:00","dateModified":"2024-09-11T07:08:40+00:00","description":"Nowa konstrukcja o niespotykanym luksusie i niezr\u00f3wnanej jako\u015bci wykonania. Wyj\u0105tkowe apartamenty i penthouse&#039;y z 2 i 3 sypialniami - od 445 000 \u20ac.","breadcrumb":{"@id":"https:\/\/santaclara-marbella.com\/#breadcrumb"},"inLanguage":"pl-PL","potentialAction":[{"@type":"ReadAction","target":["https:\/\/santaclara-marbella.com\/"]}]},{"@type":"BreadcrumbList","@id":"https:\/\/santaclara-marbella.com\/#breadcrumb","itemListElement":[{"@type":"ListItem","position":1,"name":"Home","item":"https:\/\/santaclara-marbella.com\/"},{"@type":"ListItem","position":2,"name":"Home"}]},{"@type":"WebSite","@id":"https:\/\/santaclara-marbella.com\/#website","url":"https:\/\/santaclara-marbella.com\/","name":"Santa Clara Marbella","description":"","potentialAction":[{"@type":"SearchAction","target":{"@type":"EntryPoint","urlTemplate":"https:\/\/santaclara-marbella.com\/?s={search_term_string}"},"query-input":{"@type":"PropertyValueSpecification","valueRequired":true,"valueName":"search_term_string"}}],"inLanguage":"pl-PL"}]}},"_links":{"self":[{"href":"https:\/\/santaclara-marbella.com\/pl\/wp-json\/wp\/v2\/pages\/2786","targetHints":{"allow":["GET"]}}],"collection":[{"href":"https:\/\/santaclara-marbella.com\/pl\/wp-json\/wp\/v2\/pages"}],"about":[{"href":"https:\/\/santaclara-marbella.com\/pl\/wp-json\/wp\/v2\/types\/page"}],"author":[{"embeddable":true,"href":"https:\/\/santaclara-marbella.com\/pl\/wp-json\/wp\/v2\/users\/1"}],"replies":[{"embeddable":true,"href":"https:\/\/santaclara-marbella.com\/pl\/wp-json\/wp\/v2\/comments?post=2786"}],"version-history":[{"count":96,"href":"https:\/\/santaclara-marbella.com\/pl\/wp-json\/wp\/v2\/pages\/2786\/revisions"}],"predecessor-version":[{"id":4422,"href":"https:\/\/santaclara-marbella.com\/pl\/wp-json\/wp\/v2\/pages\/2786\/revisions\/4422"}],"wp:attachment":[{"href":"https:\/\/santaclara-marbella.com\/pl\/wp-json\/wp\/v2\/media?parent=2786"}],"curies":[{"name":"wp","href":"https:\/\/api.w.org\/{rel}","templated":true}]}}