{"id":95,"date":"2022-01-27T10:58:29","date_gmt":"2022-01-27T10:58:29","guid":{"rendered":"http:\/\/cognito.mprinsdesign.nl\/?page_id=95"},"modified":"2024-09-11T07:09:56","modified_gmt":"2024-09-11T07:09:56","slug":"kompleks","status":"publish","type":"page","link":"https:\/\/santaclara-marbella.com\/pl\/kompleks\/","title":{"rendered":"Willa Higueron"},"content":{"rendered":"<section class=\"wpb-content-wrapper\"><div  class=\"content_row row page-content vc_row wpb_row  default-style fullwidth\" >\n\t\n\t<div class=\"content_row_wrapper  default\" >\n\t<div id=\"asdasd\" class=\"vc_col-sm-12 wpb_column vc_column_container\" >\n\t<div class=\"vc_column-inner\">\n\t\t<div class=\"wpb_wrapper\" >\n\t\t\t<div class=\"rt_heading_wrapper no-style\">\n\t\t\t\t\t\t<h1 class=\"rt_heading  no-style\"  style=\"font-size:24px;margin-top:24px;margin-bottom:0px;\">\u015awi\u0119ta Clara - <span class=\"after_h1\">Marbella<\/span><\/h1> \n\t\t\t\t\t<\/div><div class=\"vc_empty_space\"   style=\"height: 32px\"><span class=\"vc_empty_space_inner\"><\/span><\/div><div class=\"vc_separator wpb_content_element vc_separator_align_center vc_sep_width_100 vc_sep_style-4 vc_sep_pos_align_center vc_separator_no_text vc_sep_color_grey\" ><span class=\"vc_sep_holder vc_sep_holder_l\"><span class=\"vc_sep_line\"><\/span><\/span><span class=\"vc_sep_holder vc_sep_holder_r\"><span class=\"vc_sep_line\"><\/span><\/span>\n<\/div><div class=\"vc_empty_space\"   style=\"height: 32px\"><span class=\"vc_empty_space_inner\"><\/span><\/div>\n\t<div class=\"wpb_text_column wpb_content_element\" >\n\t\t<div class=\"wpb_wrapper\">\n\t\t\t<div class=\"\">\n<p>Santa Clara to najnowocze\u015bniejszy nowy kompleks po\u0142o\u017cony bezpo\u015brednio przy jednym z najlepszych p\u00f3l golfowych na Costa del Sol. Panoramiczne widoki na pole golfowe i morze. Blisko starego miasta Marbella i 1 km od najpi\u0119kniejszych pla\u017c w Marbelli.<\/p>\n<p>&nbsp;<\/p>\n<p><span style=\"font-weight: 400;\">ROZPOCZNIJ SPRZEDA\u017b \u2013 FAZA 1\u00a0<\/span><\/p>\n<p>&nbsp;<\/p>\n<p><span style=\"font-weight: 400;\">Znajduje si\u0119 na pierwszej linii Santa Clara Golf, z widokiem na tor wodny 14. \u0141\u0105cznie 104 domy z trzema i czterema sypialniami przekrocz\u0105 Twoje oczekiwania i spe\u0142ni\u0105 Twoje marzenie o najlepszym czasie w najlepszej mo\u017cliwej lokalizacji. Santa Clara Living znajduje si\u0119 we wschodniej cz\u0119\u015bci Marbelli, zaledwie kilka kilometr\u00f3w od wjazdu do miasta. Fantastyczne kompleksy golfowe, pierwszorz\u0119dne zaplecze edukacyjne i zdrowotne oraz bez w\u0105tpienia najlepsze pla\u017ce w Marbelli. <\/span><\/p>\n<p><span style=\"font-weight: 400;\">Ta uprzywilejowana lokalizacja zapewnia dost\u0119p do wielu restauracji, klub\u00f3w pla\u017cowych i centr\u00f3w rekreacyjnych w promieniu 10 minut. Santa Clara Living ma bezpo\u015bredni dost\u0119p do autostrad (A-7 i AP-7), kt\u00f3re prowadz\u0105 do Marbelli i Puerto Ban\u00fas, r\u00f3\u017cnych p\u00f3l golfowych i pozosta\u0142ych miast Costa del Sol. <\/span><\/p>\n<p><span style=\"font-weight: 400;\">Regionalne lotniska w Maladze i Gibraltarze zapewniaj\u0105 szybkie i \u0142atwe po\u0142\u0105czenia z miejscami docelowymi na ca\u0142ym \u015bwiecie. Ciesz si\u0119 t\u0119tni\u0105c\u0105 \u017cyciem dzielnic\u0105 mieszkaniow\u0105 pe\u0142n\u0105 mo\u017cliwo\u015bci. Ten doskonale zlokalizowany kompleks zosta\u0142 zaprojektowany tak, aby zapewni\u0107 poczucie relaksu w otwartej przestrzeni. W\u0142a\u015bciwo\u015bci oferuj\u0105 wyb\u00f3r widok\u00f3w; d\u0142ugie letnie wieczory mo\u017cna sp\u0119dzi\u0107 w parterowych nieruchomo\u015bciach z du\u017cymi tarasami i spektakularnymi ogrodami lub spektakularnych apartamentach typu penthouse z zapieraj\u0105cymi dech w piersiach widokami na pole golfowe i okolic\u0119. <\/span><\/p>\n<p><span style=\"font-weight: 400;\">Wsp\u00f3\u0142czesny design i wysoka jako\u015b\u0107 w ogrodzonym kompleksie z przodu pola golfowego z pi\u0119knie zaprojektowanymi ogrodami ze starymi sosnami i du\u017cymi terenami zewn\u0119trznymi do rodzinnej zabawy z najwy\u017cszym mo\u017cliwym poziomem prywatno\u015bci. Nowoczesne i stylowe obiekty sportowe i rekreacyjne w sercu Santa Clara Living z pewno\u015bci\u0105 zajm\u0105 du\u017c\u0105 cz\u0119\u015b\u0107 Twojego czasu. Ale nie chodzi tylko o dbanie o swoje cia\u0142o, wiemy, \u017ce szukasz miejsca na ucieczk\u0119 od zgie\u0142ku dnia codziennego. Santa Clara Living stara\u0142a si\u0119 wprowadzi\u0107 otwarty charakter naturalnego \u015brodowiska do projektu ka\u017cdego domu. <\/span><\/p>\n<p><span style=\"font-weight: 400;\">Wyj\u0105tkowo przestronne po\u0142\u0105czone strefy mieszkalne wzmacniaj\u0105 poczucie integracji i harmonii z lokalnym otoczeniem. Du\u017ce pod\u0142ogi z p\u0142ytek porcelanowych, po\u0142\u0105czona cz\u0119\u015b\u0107 dzienna i kuchnia oraz du\u017ce okna w obu sypialniach i salonie zapewniaj\u0105 dost\u0119p naturalnego \u015bwiat\u0142a o ka\u017cdej porze dnia. Spektakularne tarasy s\u0105 idealne do spo\u017cywania posi\u0142k\u00f3w na \u015bwie\u017cym powietrzu i relaksu w najlepszym towarzystwie. Kuchnie s\u0105 zaprojektowane jako integralna cz\u0119\u015b\u0107 przestrzeni mieszkalnej, aby stworzy\u0107 jasn\u0105 i przestronn\u0105 przestrze\u0144 dzienn\u0105, z kt\u00f3rej mo\u017cna korzysta\u0107 przez ca\u0142y dzie\u0144. Specyfikacje odzwierciedlaj\u0105 jako\u015b\u0107, jakiej mo\u017cna oczekiwa\u0107 od tak wysokiej klasy projektu, z kwarcowymi blatami, wbudowanymi urz\u0105dzeniami i zintegrowanym o\u015bwietleniem LED zapewniaj\u0105cym ciep\u0142o i wyrafinowanie. W \u0142azienkach elegancja du\u017cych p\u0142ytek porcelanowych odzwierciedla nasze og\u00f3lne zaanga\u017cowanie w jako\u015b\u0107 i wzornictwo.\u00a0<\/span><\/p>\n<ul>\n<li style=\"font-weight: 400;\" aria-level=\"1\"><span style=\"font-weight: 400;\">Wille ogrodowe z 3 sypialniami i 3,5 \u0142azienkami maj\u0105 powierzchni\u0119 140 m\u00b2 plus taras o powierzchni 66 m\u00b2 i ogr\u00f3d o powierzchni 123 m\u00b2. Od 1 100 000 euro.\u00a0<\/span><\/li>\n<li style=\"font-weight: 400;\" aria-level=\"1\"><span style=\"font-weight: 400;\">Penthousy z 3 sypialniami i 3,5 \u0142azienkami maj\u0105 powierzchni\u0119 150 m\u00b2 plus taras o powierzchni 45 m\u00b2 z salonu i taras na dachu o powierzchni 50 m\u00b2. Od 1 180 000 euro.\u00a0<\/span><\/li>\n<li style=\"font-weight: 400;\" aria-level=\"1\"><span style=\"font-weight: 400;\">Wille ogrodowe z 4 sypialniami i 3,5 \u0142azienkami maj\u0105 powierzchni\u0119 214 m\u00b2 plus 80 m\u00b2 tarasu z salonu i 280 m\u00b2 ogrodu. Od 1 300 000 euro.\u00a0<\/span><\/li>\n<li style=\"font-weight: 400;\" aria-level=\"1\"><span style=\"font-weight: 400;\">Penthousy z 4 sypialniami i 3,5 \u0142azienkami maj\u0105 powierzchni\u0119 175 m\u00b2 plus taras o powierzchni 53 m\u00b2 z salonu i taras na dachu o powierzchni 65 m\u00b2. Od 1 360 000 euro.<\/span><\/li>\n<\/ul>\n<p>&nbsp;<\/p>\n<\/div>\n\n\t\t<\/div>\n\t<\/div>\n\n\t\t<\/div>\n\t<\/div>\n\t<\/div>\n\n<\/div>\n<\/div>\n\n<div  class=\"content_row row page-content vc_row wpb_row  default-style fullwidth\" style=\"background-color: #bbac8c;\">\n\t\n\t<div class=\"content_row_wrapper  default\" >\n\t<div id=\"asdasd\" class=\"vc_col-sm-12 wpb_column vc_column_container\" >\n\t<div class=\"vc_column-inner\">\n\t\t<div class=\"wpb_wrapper\" >\n\t\t\t<div class=\"rt_heading_wrapper no-style\">\n\t\t\t\t\t\t<h1 class=\"rt_heading  no-style\"  style=\"font-size:24px;margin-top:24px;margin-bottom:0px;\">Cechy - <span class=\"after_h1 white\">Willa Higueron<\/span><\/h1> \n\t\t\t\t\t<\/div><div class=\"vc_empty_space\"   style=\"height: 32px\"><span class=\"vc_empty_space_inner\"><\/span><\/div><div class=\"vc_separator wpb_content_element vc_separator_align_center vc_sep_width_100 vc_sep_style-4 vc_sep_pos_align_center vc_separator_no_text vc_sep_color_grey\" ><span class=\"vc_sep_holder vc_sep_holder_l\"><span class=\"vc_sep_line\"><\/span><\/span><span class=\"vc_sep_holder vc_sep_holder_r\"><span class=\"vc_sep_line\"><\/span><\/span>\n<\/div>\n\t<div class=\"wpb_text_column wpb_content_element\" >\n\t\t<div class=\"wpb_wrapper\">\n\t\t\t\t \n\t\t<div  class=\"bullet-list style-1  check\">\n\t\t<ul>\n<li>wille ogrodowe<\/li>\n<li>penthouse&#039;y<\/li>\n<li>spektakularne tarasy<\/li>\n<li><span style=\"font-weight: 400;\">wysokiej jako\u015bci sprz\u0119t<\/span><\/li>\n<li>ceny od 959 000 \u20ac.<\/li>\n<\/ul>\n\n\t\t<\/div>\n\t\n\n\t\t<\/div>\n\t<\/div>\n\n\t\t<\/div>\n\t<\/div>\n\t<\/div>\n\n<\/div>\n<\/div>\n\n<div  class=\"content_row row quote-row vc_row wpb_row  default-style fullwidth\" style=\"background-color: #fcfcfc;\">\n\t\n\t<div class=\"content_row_wrapper  fullwidth\" >\n\t<div id=\"asdasd\" class=\"vc_col-sm-12 wpb_column vc_column_container vc_custom_1644925648982\" >\n\t<div class=\"vc_column-inner\">\n\t\t<div class=\"wpb_wrapper\" >\n\t\t\t<div class=\"rt_heading_wrapper style-3\">\n\t\t\t\t\t\t<h4 class=\"rt_heading serif quote-max-width style-3\" >Pakiet informacyjny Santa Clara Marbella <a href=\"https:\/\/new.minisites.casadelmar.nl\/meer-informatie\/\"> Popro\u015b o broszur\u0119 i cennik <\/a><\/h4> \n\t\t\t\t\t<\/div>\n\t\t<\/div>\n\t<\/div>\n\t<\/div>\n\n<\/div>\n<\/div>\n\n<div  class=\"content_row row vc_row wpb_row  default-style fullwidth\" >\n\t\n\t<div class=\"content_row_wrapper  default\" >\n\t<div id=\"asdasd\" class=\"vc_col-sm-12 wpb_column vc_column_container\" >\n\t<div class=\"vc_column-inner\">\n\t\t<div class=\"wpb_wrapper\" >\n\t\t\t<div class=\"button_wrapper aligncenter\"><a  href=\"\/pl\/wiecej-informacji\/\" target=\"_self\" title=\"&gt; wi\u0119cej informacji\" class=\"button_  style-2 small\">&gt; wi\u0119cej informacji<\/a><\/div>\n\t\t<\/div>\n\t<\/div>\n\t<\/div>\n\n<\/div>\n<\/div>\n<\/section>","protected":false},"excerpt":{"rendered":"<p>\u2026 <a class=\"more-link\" href=\"https:\/\/santaclara-marbella.com\/pl\/kompleks\/\">Kontynuuj czytanie<\/a><\/p>","protected":false},"author":1,"featured_media":4402,"parent":0,"menu_order":3,"comment_status":"closed","ping_status":"closed","template":"","meta":{"footnotes":""},"class_list":["post-95","page","type-page","status-publish","has-post-thumbnail","hentry"],"yoast_head":"<!-- This site is optimized with the Yoast SEO plugin v26.0 - https:\/\/yoast.com\/wordpress\/plugins\/seo\/ -->\n<title>Villas Higueron - Santa Clara Marbella<\/title>\n<meta name=\"robots\" content=\"index, follow, max-snippet:-1, max-image-preview:large, max-video-preview:-1\" \/>\n<link rel=\"canonical\" href=\"https:\/\/santaclara-marbella.com\/pl\/kompleks\/\" \/>\n<meta property=\"og:locale\" content=\"pl_PL\" \/>\n<meta property=\"og:type\" content=\"article\" \/>\n<meta property=\"og:title\" content=\"Villas Higueron - Santa Clara Marbella\" \/>\n<meta property=\"og:url\" content=\"https:\/\/santaclara-marbella.com\/pl\/kompleks\/\" \/>\n<meta property=\"og:site_name\" content=\"Santa Clara Marbella\" \/>\n<meta property=\"article:modified_time\" content=\"2024-09-11T07:09:56+00:00\" \/>\n<meta property=\"og:image\" content=\"https:\/\/santaclara-marbella.com\/wp-content\/uploads\/sites\/29\/2022\/10\/santa-clara-marbella-terraces.jpg\" \/>\n\t<meta property=\"og:image:width\" content=\"1271\" \/>\n\t<meta property=\"og:image:height\" content=\"850\" \/>\n\t<meta property=\"og:image:type\" content=\"image\/jpeg\" \/>\n<meta name=\"twitter:card\" content=\"summary_large_image\" \/>\n<meta name=\"twitter:label1\" content=\"Szacowany czas czytania\" \/>\n\t<meta name=\"twitter:data1\" content=\"5 minut\" \/>\n<script type=\"application\/ld+json\" class=\"yoast-schema-graph\">{\"@context\":\"https:\/\/schema.org\",\"@graph\":[{\"@type\":\"WebPage\",\"@id\":\"https:\/\/santaclara-marbella.com\/het-complex\/\",\"url\":\"https:\/\/santaclara-marbella.com\/het-complex\/\",\"name\":\"Villas Higueron - Santa Clara Marbella\",\"isPartOf\":{\"@id\":\"https:\/\/santaclara-marbella.com\/#website\"},\"primaryImageOfPage\":{\"@id\":\"https:\/\/santaclara-marbella.com\/het-complex\/#primaryimage\"},\"image\":{\"@id\":\"https:\/\/santaclara-marbella.com\/het-complex\/#primaryimage\"},\"thumbnailUrl\":\"https:\/\/santaclara-marbella.com\/wp-content\/uploads\/sites\/29\/2022\/10\/santa-clara-marbella-terraces.jpg\",\"datePublished\":\"2022-01-27T10:58:29+00:00\",\"dateModified\":\"2024-09-11T07:09:56+00:00\",\"breadcrumb\":{\"@id\":\"https:\/\/santaclara-marbella.com\/het-complex\/#breadcrumb\"},\"inLanguage\":\"pl-PL\",\"potentialAction\":[{\"@type\":\"ReadAction\",\"target\":[\"https:\/\/santaclara-marbella.com\/het-complex\/\"]}]},{\"@type\":\"ImageObject\",\"inLanguage\":\"pl-PL\",\"@id\":\"https:\/\/santaclara-marbella.com\/het-complex\/#primaryimage\",\"url\":\"https:\/\/santaclara-marbella.com\/wp-content\/uploads\/sites\/29\/2022\/10\/santa-clara-marbella-terraces.jpg\",\"contentUrl\":\"https:\/\/santaclara-marbella.com\/wp-content\/uploads\/sites\/29\/2022\/10\/santa-clara-marbella-terraces.jpg\",\"width\":1271,\"height\":850},{\"@type\":\"BreadcrumbList\",\"@id\":\"https:\/\/santaclara-marbella.com\/het-complex\/#breadcrumb\",\"itemListElement\":[{\"@type\":\"ListItem\",\"position\":1,\"name\":\"Home\",\"item\":\"https:\/\/santaclara-marbella.com\/\"},{\"@type\":\"ListItem\",\"position\":2,\"name\":\"Villas Higueron\"}]},{\"@type\":\"WebSite\",\"@id\":\"https:\/\/santaclara-marbella.com\/#website\",\"url\":\"https:\/\/santaclara-marbella.com\/\",\"name\":\"Santa Clara Marbella\",\"description\":\"\",\"potentialAction\":[{\"@type\":\"SearchAction\",\"target\":{\"@type\":\"EntryPoint\",\"urlTemplate\":\"https:\/\/santaclara-marbella.com\/?s={search_term_string}\"},\"query-input\":{\"@type\":\"PropertyValueSpecification\",\"valueRequired\":true,\"valueName\":\"search_term_string\"}}],\"inLanguage\":\"pl-PL\"}]}<\/script>\n<!-- \/ Yoast SEO plugin. -->","yoast_head_json":{"title":"Wille Higueron - Santa Clara Marbella","robots":{"index":"index","follow":"follow","max-snippet":"max-snippet:-1","max-image-preview":"max-image-preview:large","max-video-preview":"max-video-preview:-1"},"canonical":"https:\/\/santaclara-marbella.com\/pl\/kompleks\/","og_locale":"pl_PL","og_type":"article","og_title":"Villas Higueron - Santa Clara Marbella","og_url":"https:\/\/santaclara-marbella.com\/pl\/kompleks\/","og_site_name":"Santa Clara Marbella","article_modified_time":"2024-09-11T07:09:56+00:00","og_image":[{"width":1271,"height":850,"url":"https:\/\/santaclara-marbella.com\/wp-content\/uploads\/sites\/29\/2022\/10\/santa-clara-marbella-terraces.jpg","type":"image\/jpeg"}],"twitter_card":"summary_large_image","twitter_misc":{"Szacowany czas czytania":"5 minut"},"schema":{"@context":"https:\/\/schema.org","@graph":[{"@type":"WebPage","@id":"https:\/\/santaclara-marbella.com\/het-complex\/","url":"https:\/\/santaclara-marbella.com\/het-complex\/","name":"Wille Higueron - Santa Clara Marbella","isPartOf":{"@id":"https:\/\/santaclara-marbella.com\/#website"},"primaryImageOfPage":{"@id":"https:\/\/santaclara-marbella.com\/het-complex\/#primaryimage"},"image":{"@id":"https:\/\/santaclara-marbella.com\/het-complex\/#primaryimage"},"thumbnailUrl":"https:\/\/santaclara-marbella.com\/wp-content\/uploads\/sites\/29\/2022\/10\/santa-clara-marbella-terraces.jpg","datePublished":"2022-01-27T10:58:29+00:00","dateModified":"2024-09-11T07:09:56+00:00","breadcrumb":{"@id":"https:\/\/santaclara-marbella.com\/het-complex\/#breadcrumb"},"inLanguage":"pl-PL","potentialAction":[{"@type":"ReadAction","target":["https:\/\/santaclara-marbella.com\/het-complex\/"]}]},{"@type":"ImageObject","inLanguage":"pl-PL","@id":"https:\/\/santaclara-marbella.com\/het-complex\/#primaryimage","url":"https:\/\/santaclara-marbella.com\/wp-content\/uploads\/sites\/29\/2022\/10\/santa-clara-marbella-terraces.jpg","contentUrl":"https:\/\/santaclara-marbella.com\/wp-content\/uploads\/sites\/29\/2022\/10\/santa-clara-marbella-terraces.jpg","width":1271,"height":850},{"@type":"BreadcrumbList","@id":"https:\/\/santaclara-marbella.com\/het-complex\/#breadcrumb","itemListElement":[{"@type":"ListItem","position":1,"name":"Home","item":"https:\/\/santaclara-marbella.com\/"},{"@type":"ListItem","position":2,"name":"Villas Higueron"}]},{"@type":"WebSite","@id":"https:\/\/santaclara-marbella.com\/#website","url":"https:\/\/santaclara-marbella.com\/","name":"Santa Clara Marbella","description":"","potentialAction":[{"@type":"SearchAction","target":{"@type":"EntryPoint","urlTemplate":"https:\/\/santaclara-marbella.com\/?s={search_term_string}"},"query-input":{"@type":"PropertyValueSpecification","valueRequired":true,"valueName":"search_term_string"}}],"inLanguage":"pl-PL"}]}},"_links":{"self":[{"href":"https:\/\/santaclara-marbella.com\/pl\/wp-json\/wp\/v2\/pages\/95","targetHints":{"allow":["GET"]}}],"collection":[{"href":"https:\/\/santaclara-marbella.com\/pl\/wp-json\/wp\/v2\/pages"}],"about":[{"href":"https:\/\/santaclara-marbella.com\/pl\/wp-json\/wp\/v2\/types\/page"}],"author":[{"embeddable":true,"href":"https:\/\/santaclara-marbella.com\/pl\/wp-json\/wp\/v2\/users\/1"}],"replies":[{"embeddable":true,"href":"https:\/\/santaclara-marbella.com\/pl\/wp-json\/wp\/v2\/comments?post=95"}],"version-history":[{"count":56,"href":"https:\/\/santaclara-marbella.com\/pl\/wp-json\/wp\/v2\/pages\/95\/revisions"}],"predecessor-version":[{"id":4423,"href":"https:\/\/santaclara-marbella.com\/pl\/wp-json\/wp\/v2\/pages\/95\/revisions\/4423"}],"wp:featuredmedia":[{"embeddable":true,"href":"https:\/\/santaclara-marbella.com\/pl\/wp-json\/wp\/v2\/media\/4402"}],"wp:attachment":[{"href":"https:\/\/santaclara-marbella.com\/pl\/wp-json\/wp\/v2\/media?parent=95"}],"curies":[{"name":"wp","href":"https:\/\/api.w.org\/{rel}","templated":true}]}}